{"id":4440,"date":"2018-06-10T18:17:41","date_gmt":"2018-06-10T16:17:41","guid":{"rendered":"http:\/\/www.anjela.org\/oberenn\/?page_id=4440"},"modified":"2025-08-13T15:23:51","modified_gmt":"2025-08-13T13:23:51","slug":"orin-ar-poltriji","status":"publish","type":"page","link":"https:\/\/www.anjela.org\/oberenn\/bz\/orin-ar-poltriji\/","title":{"rendered":"Orin ar poltriji"},"content":{"rendered":"<p><strong><em>Pennado\u00f9-skrid<\/em><\/strong><br \/>\n<span style=\"font-size: 10pt;\">P\u00ear Denez : <a href=\"http:\/\/www.didierolivre.fr\/Portraits-de-Bretagne.html?debut18=6&amp;lang=fr#pagination18\" target=\"_blank\" rel=\"noopener\">Didier Olivr\u00e9<\/a><\/span><br \/>\n<span style=\"font-size: 10pt;\">F. Favereau : <a href=\"http:\/\/www.llandysul-plogoneg.org\/?marron-Ateliers-kontan-kaoz\" target=\"_blank\" rel=\"noopener\">lec&rsquo;hienn orin<\/a><\/span><br \/>\n<span style=\"font-size: 10pt;\">J. Jardin : <a href=\"https:\/\/www.ouest-france.fr\/sites\/default\/files\/styles\/image-640x360\/public\/2015\/09\/04\/sylvestre-jardin-est-le-nouveau-directeur-du-college-sainte-anne.jpg?itok=6V64lfQW\" target=\"_blank\" rel=\"noopener\">Ouest-France<br \/>\n<\/a>R. Kervella : <a href=\"http:\/\/www.letelegramme.fr\/ar\/viewarticle1024.php?aaaammjj=20080731&amp;article=3542674&amp;type=ar\" target=\"_blank\" rel=\"noopener\">Le T\u00e9l\u00e9gramme<\/a><\/span><br \/>\n<span style=\"font-size: 10pt;\">M. Klerg : <a href=\"https:\/\/br.wikipedia.org\/wiki\/Restr:Klerg1965.jpg\" target=\"_blank\" rel=\"noopener lightbox-0\">Gireg Konan<\/a><\/span><br \/>\n<span style=\"font-size: 10pt;\">R. Koadig : <a href=\"https:\/\/univ-rennes2.academia.edu\/RonanLECOADIC\" target=\"_blank\" rel=\"noopener\">lec&rsquo;hienn orin<\/a><\/span><br \/>\n<span style=\"font-size: 10pt;\">R. Laouenan : <a href=\"https:\/\/www.ouest-france.fr\/bretagne\/lannion-22300\/l-hiver-ces-veillees-qui-reveillent-les-esprits-bretons-5373286\" target=\"_blank\" rel=\"noopener\">Ouest-France<\/a><br \/>\nJ. Le Lay : <a href=\"https:\/\/www.letelegramme.fr\/cotes-darmor\/lannion\/jakeza-le-lay-bel-ouvrage-sur-le-parnasse-breton-14-07-2015-10704552.php\" target=\"_blank\" rel=\"noopener\">Le T\u00e9l\u00e9gramme<\/a><br \/>\nI. Martin : dast. R. Le Coadic<br \/>\n<\/span><span style=\"font-size: 10pt;\">C. ar Mero : <a href=\"https:\/\/www.linkedin.com\/authwall?trk=ripf&amp;trkInfo=AQHbiHwtyT3QBgAAAWPqeu44o_1Ywe86P7VzqIXKx_3q5xnSBU_k_1pVTJgz6AxYZQVf2qCi0cL89BWRvzj8xvcqM0yvNr3DoKjc4HfI6UcLGaReZWX9DC_ObeKWD-A9BIyCHWA=&amp;originalReferer=https:\/\/www.google.com\/&amp;sessionRedirect=https%3A%2F%2Ffr.linkedin.com%2Fin%2Fcorinne-ar-mero-8b69a698\" target=\"_blank\" rel=\"noopener\">lec&rsquo;hienn orin<\/a><br \/>\nF. Morvanno\u00f9 :<a href=\"https:\/\/www.ouest-france.fr\/bretagne\/carhaix-plouguer-29270\/le-pere-maunoir-sur-la-voie-de-la-canonisation-740042\" target=\"_blank\" rel=\"noopener\"> Ouest-France<\/a><br \/>\n<\/span><span style=\"font-size: 10pt;\">F. Peru : <a href=\"https:\/\/commons.wikimedia.org\/wiki\/File:Fa%C3%B1ch_Peru.JPG#mw-jump-to-license\" target=\"_blank\" rel=\"noopener\">Gireg Konan<\/a><\/span><br \/>\n<span style=\"font-size: 10pt;\">Y.-B. Piriou : <\/span><a href=\"https:\/\/www.letelegramme.fr\/cotes-darmor\/lannion\/yann-ber-piriou-rencontre-avec-le-poete-jeudi-15-11-2017-11741203.php\" target=\"_blank\" rel=\"noopener\"><span style=\"font-size: 10pt;\">Le T\u00e9l\u00e9gramme<\/span><\/a><br \/>\n<span style=\"font-size: 10pt;\">N. Rozmor : <a href=\"https:\/\/www.roscoff-quotidien.eu\/rozmor.htm\">Roscoff Quotidien<\/a><br \/>\nS. an Tieg : <a href=\"https:\/\/br.wikipedia.org\/wiki\/Ivetig_an_Dred-Kervella\">wikipedia<\/a><\/span><\/p>\n<p>\n<strong><em>Barzhonego\u00f9 lennet<\/em><\/strong><br \/>\n<span style=\"font-size: 10pt;\">A. Auffret : <a href=\"https:\/\/www.ouest-france.fr\/bretagne\/rostrenen-22110\/anne-auffret-donnera-des-cours-de-kan-ha-diskan-4147044\" target=\"_blank\" rel=\"noopener\">Ouest-France<\/a><\/span><br \/>\n<span style=\"font-size: 10pt;\">A. Ebrel : <a href=\"https:\/\/actu.fr\/loisirs-culture\/causerie-animee-par-annie-ebrel-a-quimper-vendredi-21-fevrier_4349085.html\" target=\"_blank\" rel=\"noopener\">Actu<\/a><\/span><br \/>\n<span style=\"font-size: 10pt;\">D. Siberil : <a href=\"https:\/\/www.letelegramme.fr\/local\/finistere-nord\/morlaix\/ville\/signaletique-en-breton-le-collectif-aita-a-la-poste-20-11-2011-1505253.php\" target=\"_blank\" rel=\"noopener\">Le T\u00e9l\u00e9gramme<\/a><\/span><br \/>\n<span style=\"font-size: 10pt;\">G. Le Buh\u00e9 : <a href=\"https:\/\/www.letelegramme.fr\/ar\/imgproxy.php\/images\/2017\/12\/18\/gildas-le-buhe-aux-cotes-d-alain-larrive-directeur-de-la_3743403_409x330p.jpg?v=1\" target=\"_blank\" rel=\"noopener\">Le T\u00e9l\u00e9gramme<\/a><\/span><br \/>\n<span style=\"font-size: 10pt;\">G. Latimier : <a href=\"https:\/\/www.letelegramme.fr\/ig\/generales\/regions\/bretagne\/poesie-les-oeuvres-d-anjela-duval-en-ligne-09-06-2012-1731382.php\" target=\"_blank\" rel=\"noopener\">Le T\u00e9l\u00e9gramme<\/a><\/span><br \/>\n<span style=\"font-size: 10pt;\">L. Catalan : <a href=\"http:\/\/eosttelgruc.canalblog.com\/archives\/2016\/03\/19\/33535049.html\" target=\"_blank\" rel=\"noopener\">blog<\/a><\/span><br \/>\n<span style=\"font-size: 10pt;\">N. Kervella : \u00a9<a href=\"http:\/\/www.bretagne.bzh\/jcms\/prod_188149\/fr\/naig-kervella\" target=\"_blank\" rel=\"noopener\"> Charles Cri\u00e9<\/a><\/span><br \/>\n<span style=\"font-size: 10pt;\">N. Latimier : \u00a9 Corinne ar Mero<\/span><br \/>\n<span style=\"font-size: 10pt;\">R. Le Coadic : <a href=\"https:\/\/univ-rennes2.academia.edu\/RonanLECOADIC\" target=\"_blank\" rel=\"noopener\">lec&rsquo;hienn orin<\/a><br \/>\nA. Le Coadic : dast. R. Le Coadic<br \/>\n<\/span><span style=\"font-size: 10pt;\">S. Moal : <a href=\"https:\/\/www.letelegramme.fr\/bretagne\/spered-ar-vro\/peseurt-plas-evit-ar-brezhoneg-er-mediaou-02-11-2017-11725109.php\" target=\"_blank\" rel=\"noopener\">Le T\u00e9l\u00e9gramme<\/a><\/span><br \/>\n<span style=\"font-size: 10pt;\">Y.-B. Piriou : <a href=\"https:\/\/www.letelegramme.fr\/cotes-darmor\/ploumilliau\/causerie-anatole-le-braz-et-le-breton-15-06-2015-10666444.php\" target=\"_blank\" rel=\"noopener\">Le T\u00e9l\u00e9gramme<\/a><\/span><br \/>\n<span style=\"font-size: 10pt;\">Y.-F. Kemener : <a href=\"http:\/\/yfkemener.com\" target=\"_blank\" rel=\"noopener\">lec&rsquo;hienn Yann-Fa\u00f1ch Kemener<\/a><\/span><\/p>\n","protected":false},"excerpt":{"rendered":"<p>Pennado\u00f9-skrid P\u00ear Denez : Didier Olivr\u00e9 F. Favereau : lec&rsquo;hienn orin J. Jardin : Ouest-France R. Kervella : Le T\u00e9l\u00e9gramme M. Klerg [&hellip;]<\/p>\n","protected":false},"author":2,"featured_media":0,"parent":0,"menu_order":0,"comment_status":"closed","ping_status":"closed","template":"","meta":{"_acf_changed":false,"ngg_post_thumbnail":0,"footnotes":""},"class_list":["post-4440","page","type-page","status-publish","hentry"],"acf":[],"yoast_head":"<!-- This site is optimized with the Yoast SEO plugin v27.5 - https:\/\/yoast.com\/product\/yoast-seo-wordpress\/ -->\n<title>Orin ar poltriji - Anjela Duval<\/title>\n<meta name=\"robots\" content=\"index, follow, max-snippet:-1, max-image-preview:large, max-video-preview:-1\" \/>\n<link rel=\"canonical\" href=\"https:\/\/www.anjela.org\/oberenn\/bz\/orin-ar-poltriji\/\" \/>\n<meta property=\"og:locale\" content=\"fr_FR\" \/>\n<meta property=\"og:type\" content=\"article\" \/>\n<meta property=\"og:title\" content=\"Orin ar poltriji - Anjela Duval\" \/>\n<meta property=\"og:description\" content=\"Pennado\u00f9-skrid P\u00ear Denez : Didier Olivr\u00e9 F. Favereau : lec&rsquo;hienn orin J. Jardin : Ouest-France R. Kervella : Le T\u00e9l\u00e9gramme M. Klerg [&hellip;]\" \/>\n<meta property=\"og:url\" content=\"https:\/\/www.anjela.org\/oberenn\/bz\/orin-ar-poltriji\/\" \/>\n<meta property=\"og:site_name\" content=\"Anjela Duval\" \/>\n<meta property=\"article:modified_time\" content=\"2025-08-13T13:23:51+00:00\" \/>\n<meta name=\"twitter:card\" content=\"summary_large_image\" \/>\n<meta name=\"twitter:label1\" content=\"Dur\u00e9e de lecture estim\u00e9e\" \/>\n\t<meta name=\"twitter:data1\" content=\"1 minute\" \/>\n<script type=\"application\/ld+json\" class=\"yoast-schema-graph\">{\"@context\":\"https:\\\/\\\/schema.org\",\"@graph\":[{\"@type\":\"WebPage\",\"@id\":\"https:\\\/\\\/www.anjela.org\\\/oberenn\\\/bz\\\/orin-ar-poltriji\\\/\",\"url\":\"https:\\\/\\\/www.anjela.org\\\/oberenn\\\/bz\\\/orin-ar-poltriji\\\/\",\"name\":\"Orin ar poltriji - Anjela Duval\",\"isPartOf\":{\"@id\":\"https:\\\/\\\/www.anjela.org\\\/oberenn\\\/#website\"},\"datePublished\":\"2018-06-10T16:17:41+00:00\",\"dateModified\":\"2025-08-13T13:23:51+00:00\",\"breadcrumb\":{\"@id\":\"https:\\\/\\\/www.anjela.org\\\/oberenn\\\/bz\\\/orin-ar-poltriji\\\/#breadcrumb\"},\"inLanguage\":\"fr-FR\",\"potentialAction\":[{\"@type\":\"ReadAction\",\"target\":[\"https:\\\/\\\/www.anjela.org\\\/oberenn\\\/bz\\\/orin-ar-poltriji\\\/\"]}]},{\"@type\":\"BreadcrumbList\",\"@id\":\"https:\\\/\\\/www.anjela.org\\\/oberenn\\\/bz\\\/orin-ar-poltriji\\\/#breadcrumb\",\"itemListElement\":[{\"@type\":\"ListItem\",\"position\":1,\"name\":\"Accueil\",\"item\":\"https:\\\/\\\/www.anjela.org\\\/oberenn\\\/\"},{\"@type\":\"ListItem\",\"position\":2,\"name\":\"Orin ar poltriji\"}]},{\"@type\":\"WebSite\",\"@id\":\"https:\\\/\\\/www.anjela.org\\\/oberenn\\\/#website\",\"url\":\"https:\\\/\\\/www.anjela.org\\\/oberenn\\\/\",\"name\":\"Anjela Duval\",\"description\":\"\",\"publisher\":{\"@id\":\"https:\\\/\\\/www.anjela.org\\\/oberenn\\\/#organization\"},\"potentialAction\":[{\"@type\":\"SearchAction\",\"target\":{\"@type\":\"EntryPoint\",\"urlTemplate\":\"https:\\\/\\\/www.anjela.org\\\/oberenn\\\/?s={search_term_string}\"},\"query-input\":{\"@type\":\"PropertyValueSpecification\",\"valueRequired\":true,\"valueName\":\"search_term_string\"}}],\"inLanguage\":\"fr-FR\"},{\"@type\":\"Organization\",\"@id\":\"https:\\\/\\\/www.anjela.org\\\/oberenn\\\/#organization\",\"name\":\"Mignoned Anjela\",\"url\":\"https:\\\/\\\/www.anjela.org\\\/oberenn\\\/\",\"logo\":{\"@type\":\"ImageObject\",\"inLanguage\":\"fr-FR\",\"@id\":\"https:\\\/\\\/www.anjela.org\\\/oberenn\\\/#\\\/schema\\\/logo\\\/image\\\/\",\"url\":\"https:\\\/\\\/www.anjela.org\\\/oberenn\\\/wp-content\\\/uploads\\\/2019\\\/11\\\/logo-mignoned-angela.png\",\"contentUrl\":\"https:\\\/\\\/www.anjela.org\\\/oberenn\\\/wp-content\\\/uploads\\\/2019\\\/11\\\/logo-mignoned-angela.png\",\"width\":248,\"height\":147,\"caption\":\"Mignoned Anjela\"},\"image\":{\"@id\":\"https:\\\/\\\/www.anjela.org\\\/oberenn\\\/#\\\/schema\\\/logo\\\/image\\\/\"}}]}<\/script>\n<!-- \/ Yoast SEO plugin. -->","yoast_head_json":{"title":"Orin ar poltriji - Anjela Duval","robots":{"index":"index","follow":"follow","max-snippet":"max-snippet:-1","max-image-preview":"max-image-preview:large","max-video-preview":"max-video-preview:-1"},"canonical":"https:\/\/www.anjela.org\/oberenn\/bz\/orin-ar-poltriji\/","og_locale":"fr_FR","og_type":"article","og_title":"Orin ar poltriji - Anjela Duval","og_description":"Pennado\u00f9-skrid P\u00ear Denez : Didier Olivr\u00e9 F. Favereau : lec&rsquo;hienn orin J. Jardin : Ouest-France R. Kervella : Le T\u00e9l\u00e9gramme M. Klerg [&hellip;]","og_url":"https:\/\/www.anjela.org\/oberenn\/bz\/orin-ar-poltriji\/","og_site_name":"Anjela Duval","article_modified_time":"2025-08-13T13:23:51+00:00","twitter_card":"summary_large_image","twitter_misc":{"Dur\u00e9e de lecture estim\u00e9e":"1 minute"},"schema":{"@context":"https:\/\/schema.org","@graph":[{"@type":"WebPage","@id":"https:\/\/www.anjela.org\/oberenn\/bz\/orin-ar-poltriji\/","url":"https:\/\/www.anjela.org\/oberenn\/bz\/orin-ar-poltriji\/","name":"Orin ar poltriji - Anjela Duval","isPartOf":{"@id":"https:\/\/www.anjela.org\/oberenn\/#website"},"datePublished":"2018-06-10T16:17:41+00:00","dateModified":"2025-08-13T13:23:51+00:00","breadcrumb":{"@id":"https:\/\/www.anjela.org\/oberenn\/bz\/orin-ar-poltriji\/#breadcrumb"},"inLanguage":"fr-FR","potentialAction":[{"@type":"ReadAction","target":["https:\/\/www.anjela.org\/oberenn\/bz\/orin-ar-poltriji\/"]}]},{"@type":"BreadcrumbList","@id":"https:\/\/www.anjela.org\/oberenn\/bz\/orin-ar-poltriji\/#breadcrumb","itemListElement":[{"@type":"ListItem","position":1,"name":"Accueil","item":"https:\/\/www.anjela.org\/oberenn\/"},{"@type":"ListItem","position":2,"name":"Orin ar poltriji"}]},{"@type":"WebSite","@id":"https:\/\/www.anjela.org\/oberenn\/#website","url":"https:\/\/www.anjela.org\/oberenn\/","name":"Anjela Duval","description":"","publisher":{"@id":"https:\/\/www.anjela.org\/oberenn\/#organization"},"potentialAction":[{"@type":"SearchAction","target":{"@type":"EntryPoint","urlTemplate":"https:\/\/www.anjela.org\/oberenn\/?s={search_term_string}"},"query-input":{"@type":"PropertyValueSpecification","valueRequired":true,"valueName":"search_term_string"}}],"inLanguage":"fr-FR"},{"@type":"Organization","@id":"https:\/\/www.anjela.org\/oberenn\/#organization","name":"Mignoned Anjela","url":"https:\/\/www.anjela.org\/oberenn\/","logo":{"@type":"ImageObject","inLanguage":"fr-FR","@id":"https:\/\/www.anjela.org\/oberenn\/#\/schema\/logo\/image\/","url":"https:\/\/www.anjela.org\/oberenn\/wp-content\/uploads\/2019\/11\/logo-mignoned-angela.png","contentUrl":"https:\/\/www.anjela.org\/oberenn\/wp-content\/uploads\/2019\/11\/logo-mignoned-angela.png","width":248,"height":147,"caption":"Mignoned Anjela"},"image":{"@id":"https:\/\/www.anjela.org\/oberenn\/#\/schema\/logo\/image\/"}}]}},"_links":{"self":[{"href":"https:\/\/www.anjela.org\/oberenn\/wp-json\/wp\/v2\/pages\/4440","targetHints":{"allow":["GET"]}}],"collection":[{"href":"https:\/\/www.anjela.org\/oberenn\/wp-json\/wp\/v2\/pages"}],"about":[{"href":"https:\/\/www.anjela.org\/oberenn\/wp-json\/wp\/v2\/types\/page"}],"author":[{"embeddable":true,"href":"https:\/\/www.anjela.org\/oberenn\/wp-json\/wp\/v2\/users\/2"}],"replies":[{"embeddable":true,"href":"https:\/\/www.anjela.org\/oberenn\/wp-json\/wp\/v2\/comments?post=4440"}],"version-history":[{"count":0,"href":"https:\/\/www.anjela.org\/oberenn\/wp-json\/wp\/v2\/pages\/4440\/revisions"}],"wp:attachment":[{"href":"https:\/\/www.anjela.org\/oberenn\/wp-json\/wp\/v2\/media?parent=4440"}],"curies":[{"name":"wp","href":"https:\/\/api.w.org\/{rel}","templated":true}]}}