{"id":2636,"date":"2017-10-23T17:42:12","date_gmt":"2017-10-23T15:42:12","guid":{"rendered":"http:\/\/www.anjela.org\/oberenn\/?page_id=2636"},"modified":"2025-08-13T16:51:06","modified_gmt":"2025-08-13T14:51:06","slug":"pennadou-skrid","status":"publish","type":"page","link":"https:\/\/www.anjela.org\/oberenn\/bz\/pennadou-skrid\/","title":{"rendered":"Pennado\u00f9-skrid"},"content":{"rendered":"<h3 class=\"entry-title\"><a href=\"http:\/\/www.anjela.org\/oberenn\/awen-ar-galon\/?lang=bz\">Awen ar galon \u2013 P\u00ear Denez<\/a><\/h3>\n<table style=\"width: 714px; border-style: none;\">\n<tbody>\n<tr>\n<td style=\"width: 574.183px; border-style: hidden;\">\n<p>Meur a wech on bet e darempred gant Anjela. &lsquo;M eus aon ne oa morse evit konta\u00f1 kaozio\u00f9 pe evit kas just ul lizher a vignoniezh \u2014 nemet e vefe marteze e-ke\u00f1ver an deiz kenta\u00f1 ar bloaz \u2014, kentoc&rsquo;h e oa evit komz diwar-benn al labour pe an trao\u00f9 a vije da veza\u00f1 graet, hag ivez pa &lsquo;m eus embannet skrido\u00f9 ganti, pe c&rsquo;hoazh evit ober gourc&rsquo;hemenno\u00f9 dezhi evit ar pezh he doa skrivet. (<a href=\"http:\/\/www.anjela.org\/oberenn\/awen-ar-galon\/?lang=bz\">Lenn pelloc&rsquo;h\u2026<\/a>)&nbsp;<\/p>\n<\/td>\n<td style=\"width: 119.817px; border-style: hidden;\"><\/p>\n<p><img decoding=\"async\" class=\"alignnone wp-image-4425\" src=\"http:\/\/www.anjela.org\/oberenn\/wp-content\/uploads\/2017\/10\/per_denez-296x300.jpg\" alt=\"Per Denez, foto Didier Ollivr\u00e9\" width=\"108\" height=\"109\" srcset=\"https:\/\/www.anjela.org\/oberenn\/wp-content\/uploads\/2017\/10\/per_denez-296x300.jpg 296w, https:\/\/www.anjela.org\/oberenn\/wp-content\/uploads\/2017\/10\/per_denez-150x150.jpg 150w, https:\/\/www.anjela.org\/oberenn\/wp-content\/uploads\/2017\/10\/per_denez.jpg 691w\" sizes=\"(max-width: 108px) 100vw, 108px\" \/><\/p>\n<\/td>\n<\/tr>\n<\/tbody>\n<\/table>\n<p>&nbsp;<\/p>\n<h3 class=\"entry-title\"><a href=\"http:\/\/www.anjela.org\/oberenn\/anjela-duval-e-kreiz-he-chantved-francis-favereau\/?lang=bz\">Anjela Duval e-kreiz he c&rsquo;hantved <\/a><a href=\"http:\/\/www.anjela.org\/oberenn\/anjela-duval-e-kreiz-he-chantved-francis-favereau\/?lang=bz\">\u2013 <\/a><a href=\"http:\/\/www.anjela.org\/oberenn\/anjela-duval-e-kreiz-he-chantved-francis-favereau\/?lang=bz\">Francis Favereau<\/a><\/h3>\n<table style=\"width: 715px; border-style: hidden;\">\n<tbody>\n<tr>\n<td style=\"width: 133.117px; border-style: hidden;\">\n<p><img decoding=\"async\" class=\"alignnone wp-image-4426\" src=\"http:\/\/www.anjela.org\/oberenn\/wp-content\/uploads\/2017\/10\/favereau.jpg\" alt=\"Fra\u00f1sez Favereau\" width=\"121\" height=\"158\"><\/p>\n<\/td>\n<td style=\"width: 574.883px; border-style: hidden;\">\n<p>Anjela Duval \u2014 Marie-Ang\u00e8le Duval, hervez papero\u00f9 ar Stad \u2014, bet ganet er C&rsquo;houerc&rsquo;had pe Kozh-Varc&rsquo;had er bloaz 1905 ha marvet er bloaz 1981 en Lannuon, eo tremenet he holl vuhez pe &lsquo;gozik el lec&rsquo;h ma oa-hi bet ganet, savet ha maget, peuzgoude penn-kenta\u00f1 ar c&rsquo;hantved-ma\u00f1, un tamm mat kent ar Brezel bras eta, en k\u00earig souchet Traou-an-Dour (pe \u00ab Trao\u00f1-an-Dour \u00bb, mar karer), ur pennk\u00ear distro awalc&rsquo;h eus ar C&rsquo;houerc&rsquo;had, ar barrezig diwar ar maez bet kentoc&rsquo;h un drev eus Plouared (betek ar bloaz 1866), k\u00ear ha penn-kanton, sed don en argoad Lannuon e Bro-Dreger. (<a href=\"http:\/\/www.anjela.org\/oberenn\/anjela-duval-e-kreiz-he-chantved-francis-favereau\/?lang=bz\">Lenn pelloc&rsquo;h\u2026<\/a>)<\/p>\n<\/td>\n<\/tr>\n<\/tbody>\n<\/table>\n<p>&nbsp;<\/p>\n<h3 class=\"entry-title\"><a href=\"http:\/\/www.anjela.org\/oberenn\/ur-barzhoneg-e-vogeriou-gwenn-jelvestr-jardin\/?lang=bz\">\u00ab Ur barzhoneg e vogerio\u00f9 gwenn \u00bb \u2013 Jelvestr Jardin<\/a><\/h3>\n<table style=\"width: 718px; border-style: hidden;\">\n<tbody>\n<tr>\n<td style=\"width: 620.367px; border-style: hidden;\">Ne vo kavet ama\u00f1 da heul nemet un nebeud so\u00f1jo\u00f9 am eus maget e-serr labourat war al levr-ma\u00f1. E keit-se em eus bet tro da gompren gwelloc&rsquo;h degouezhio\u00f9 buhez Anjela Duval, pa n&#8217;em boa ket anavezet anezhi. Kement-se avat ne vir ket outon da vourra\u00f1 lod deus he barzhonego\u00f9, e-giz n&rsquo;eus forzh piv (hag an dibab ne vefe ket graet he\u00f1vel gant pep hini moarvat), dre ma talvezont drezo o-unan. (<a href=\"http:\/\/www.anjela.org\/oberenn\/ur-barzhoneg-e-vogeriou-gwenn-jelvestr-jardin\/?lang=bz\">Lenn pelloc&rsquo;h\u2026<\/a>)<\/td>\n<td style=\"width: 89.6333px; border-style: hidden;\"><img decoding=\"async\" class=\"alignnone wp-image-4432 size-full\" src=\"http:\/\/www.anjela.org\/oberenn\/wp-content\/uploads\/2017\/10\/sylvestre-jardin.jpg\" alt=\"Jelvestr Jardin\" width=\"82\" height=\"92\"><\/td>\n<\/tr>\n<\/tbody>\n<\/table>\n<p>&nbsp;<\/p>\n<h3 class=\"entry-title\"><a href=\"http:\/\/www.anjela.org\/oberenn\/e-traon-an-dour-anjela-e-kav-pep-hini-e-damm-bara-riwanon-kervella\/?lang=bz\">E Trao\u00f1-an-Dour Anjela e kav pep hini e damm bara \u2013 Riwanon Kervella<\/a><\/h3>\n<table style=\"width: 717px; border-style: hidden;\">\n<tbody>\n<tr>\n<td style=\"width: 117.733px; border-style: hidden;\">\n<p><img loading=\"lazy\" decoding=\"async\" class=\"alignnone wp-image-4427\" src=\"http:\/\/www.anjela.org\/oberenn\/wp-content\/uploads\/2017\/10\/riwanon-kervella.jpg\" alt=\"Riwanon Kervella\" width=\"106\" height=\"119\"><\/p>\n<\/td>\n<td style=\"width: 591.267px; border-style: hidden;\">\n<p>Ar joanig gof ruz zo o neizha\u00f1 tost d&rsquo;ar wazh, gwech pintet war ar spern gwenn a-dal d&rsquo;ar c&rsquo;hrao\u00f9, gwech all o kana\u00f1 war ar c&rsquo;harr-bout lezet da vreina\u00f1 e-kichen ar bern keuneud, a ra kofado\u00f9 gant ar bruzunajo\u00f9 skubet war-lerc&rsquo;h tremenidi niverus an deiz. (<a href=\"http:\/\/www.anjela.org\/oberenn\/e-traon-an-dour-anjela-e-kav-pep-hini-e-damm-bara-riwanon-kervella\/?lang=bz\">Lenn pelloc&rsquo;h\u2026<\/a>)<\/p>\n<\/td>\n<\/tr>\n<\/tbody>\n<\/table>\n<p>&nbsp;<\/p>\n<h3 class=\"entry-title\"><a href=\"http:\/\/www.anjela.org\/oberenn\/rakskrid-kan-an-douar-klerg\/?lang=bz\">Rakskrid <em>Kan an douar<\/em> \u2013 Marsel Klerg<\/a><\/h3>\n<table style=\"width: 677px; height: 144px; border-style: hidden;\">\n<tbody>\n<tr>\n<td style=\"width: 531.35px; border-style: hidden;\">\n<p><em>Furchet em eus pevar c&rsquo;hanton<br \/>\nO klask ur plac&rsquo;hig a feson\u2026&nbsp;<br \/>\n<\/em>Pe en ur gemma\u00f1 un tammig an eil linenn eus ar son boblek-se :<br \/>\n<em>Furchet em eus pevar c&rsquo;hanton&nbsp;<br \/>\n<\/em><em>O klask ur varzhez a feson\u2026 <br \/>\n<\/em>(<a href=\"http:\/\/www.anjela.org\/oberenn\/rakskrid-kan-an-douar-klerg\/?lang=bz\">Lenn pelloc&rsquo;h\u2026<\/a>)<\/p>\n<\/td>\n<td style=\"width: 129.65px; border-style: hidden;\">\n<p><img loading=\"lazy\" decoding=\"async\" class=\"alignnone wp-image-4428\" src=\"http:\/\/www.anjela.org\/oberenn\/wp-content\/uploads\/2017\/10\/Klerg-260x300.jpg\" alt=\"Marsel Klerg\" width=\"105\" height=\"121\" srcset=\"https:\/\/www.anjela.org\/oberenn\/wp-content\/uploads\/2017\/10\/Klerg-260x300.jpg 260w, https:\/\/www.anjela.org\/oberenn\/wp-content\/uploads\/2017\/10\/Klerg.jpg 467w\" sizes=\"(max-width: 105px) 100vw, 105px\" \/><\/p>\n<\/td>\n<\/tr>\n<\/tbody>\n<\/table>\n<p>&nbsp;<\/p>\n<h3 class=\"entry-title\"><a href=\"http:\/\/www.anjela.org\/oberenn\/anjela-duval-hiziv\/?lang=bz\">Anjela Duval hiziv \u2013 Ronan Koadig<\/a><\/h3>\n<table style=\"width: 716px; border-style: hidden;\">\n<tbody>\n<tr>\n<td style=\"width: 128.167px;\"><img loading=\"lazy\" decoding=\"async\" class=\"alignnone wp-image-4429 size-full\" src=\"http:\/\/www.anjela.org\/oberenn\/wp-content\/uploads\/2017\/10\/ronan-koadig.jpeg\" alt=\"Ronan Koadig\" width=\"155\" height=\"180\"><\/td>\n<td style=\"width: 581.833px; border-style: hidden;\">Un dremm roufennet sklerijennet gant daoulagad lemm leun a vuhez hag a fent. Un teod prim, kaset en-dro gant ur spered birvidik. Dilhad paour ur beizantez uvel. Hag un dra all\u2026 ur seurt nerzh diabarzh o skedin. Setu ar skeudenn eus Anjela Duval a zo chomet e spered he c&rsquo;henvroidi hag e hini meur a dud all, strewet dre ar bed. (<a href=\"http:\/\/www.anjela.org\/oberenn\/anjela-duval-hiziv\/?lang=bz\">Lenn pelloc&rsquo;h\u2026<\/a>)<\/td>\n<\/tr>\n<\/tbody>\n<\/table>\n<h3>&nbsp;<\/h3>\n<h3 class=\"entry-title\"><a href=\"http:\/\/www.anjela.org\/oberenn\/mouezh-ur-brofedez-roger-laouenan\/?lang=bz\">Mouezh ur brofedez ? \u2013 Roger Laouenan<\/a><\/h3>\n<table style=\"width: 706px; height: 157px; border-style: hidden;\">\n<tbody>\n<tr>\n<td style=\"width: 137.533px; border-style: hidden;\"><img loading=\"lazy\" decoding=\"async\" class=\"alignnone wp-image-4433\" src=\"http:\/\/www.anjela.org\/oberenn\/wp-content\/uploads\/2017\/10\/roger-laouenan-1.jpg\" alt=\"Roger Laouenan\" width=\"129\" height=\"126\"><\/td>\n<td style=\"width: 551.467px;\">\u00ab Un hanter dousennad barzhed ne dalvezint ket gwech ebet ul labourer-douar ! \u00bb, a l\u00e2ras Anjela Duval din un deiz bennaket. Go\u00fbt a rae deus petra e oa o kaozeal : bemdez e laboure-hi an douar a-raok en em lakaat da skriva\u00f1, diouzh an noz. N&rsquo;eo ket farsal nemetken e rae Itron Trao\u00f1-an-Dour o komz evel-hen. Santet he doa ar reverzhi a oa o tont d&rsquo;ober plas d&rsquo;ur bed nevez. (<a href=\"http:\/\/www.anjela.org\/oberenn\/mouezh-ur-brofedez-roger-laouenan\/?lang=bz\">Lenn pelloc&rsquo;h\u2026<\/a>)<\/td>\n<\/tr>\n<\/tbody>\n<\/table>\n<p>&nbsp;<\/p>\n<h3 class=\"entry-title\"><a href=\"http:\/\/www.anjela.org\/oberenn\/kredenn-genvevan-vreizhek-anjela-duval-jakeza-le-lay\/?lang=bz\">Kredenn-genveva\u00f1 vreizhek Anjela Duval \u2013 Jakeza Le Lay<\/a><\/h3>\n<table style=\"width: 716px; height: 173px; border-style: hidden;\">\n<tbody>\n<tr>\n<td style=\"width: 561.8px;\">\n<p>\nPa lennan oberenn Anjela Duval en em lavaran ma-unan : se an hini eo al lennegezh vrezhonek. Un tammig souezhus e c\u2019hell beza\u00f1 an evezhiadenn-ma\u00f1 met, da\u2019m so\u00f1j, eo barzhoniezh Anjela Duval ur skouer vat eus al lennegezh vrezhonek a-vrema\u00f1. (<a href=\"http:\/\/www.anjela.org\/oberenn\/kredenn-genvevan-vreizhek-anjela-duval-jakeza-le-lay\/?lang=bz\">Lenn pelloc&rsquo;h\u2026<\/a>)<\/p>\n<\/td>\n<td style=\"width: 138.2px; border-style: hidden;\">\n<p><img loading=\"lazy\" decoding=\"async\" class=\"aligncenter wp-image-5549 size-full\" src=\"http:\/\/www.anjela.org\/oberenn\/wp-content\/uploads\/2018\/11\/jakeza-le-lay-1.jpg\" alt=\"Jakeza Le Lay\" width=\"208\" height=\"198\" data-id=\"5532\"><\/p>\n<\/td>\n<\/tr>\n<\/tbody>\n<\/table>\n<p>&nbsp;<\/p>\n<h3 class=\"entry-title\"><a href=\"http:\/\/www.anjela.org\/oberenn\/da-varzez-of-bro-anjela-duval-anne-marie-maloney\/?lang=bz\">Da Varzez or bro, Anjela Duval \u2013 Anne-Marie Maloney<\/a><\/h3>\n<table style=\"width: 704px; border-style: hidden;\">\n<tbody>\n<tr>\n<td style=\"width: 678.25px;\">\n<p>Hu\u00f1vreet am-boa deh da noz <br \/>\nE welen eur plahig koz<br \/>\nE-kost an tan o &lsquo;n em domma\u00f1 <br \/>\nHe chas en he hichenn o kouska\u00f1 (<a href=\"http:\/\/www.anjela.org\/oberenn\/da-varzez-of-bro-anjela-duval-anne-marie-maloney\/?lang=bz\">Lenn pelloc&rsquo;h\u2026<\/a>)<\/p>\n<\/td>\n<td style=\"width: 9.75px; border-style: hidden;\">\n<p>&nbsp;<\/p>\n<\/td>\n<\/tr>\n<\/tbody>\n<\/table>\n<p>&nbsp;<\/p>\n<h3 class=\"entry-title\"><a href=\"http:\/\/www.anjela.org\/oberenn\/feiz-anjela-ivona-martin\/?lang=bz\">Feiz Anjela \u2013 Ivona Martin<\/a><\/h3>\n<table style=\"width: 723px; height: 155px; border-style: hidden;\">\n<tbody>\n<tr style=\"height: 155px;\">\n<td style=\"width: 579.367px; height: 155px; border-style: hidden;\">\n<p>N\u2019eo ket aes, n\u2019eo ket posupl zoken komz eus feiz neb piv bennak, se zo liorzh kuzh pep hini. Anjela zo bet goulennataet meur a wech gant hema\u00f1 pe henhont, he lezel a rin eta da lavarout hec\u2019h-unan he so\u00f1j.<br \/>\nKoulskoude, karout a rafen taolenna\u00f1 e berr gomzo\u00f9 an aergelc\u2019h-se hag a zo bet hini he bugaleaj hag he yaouankiz. (<a href=\"http:\/\/www.anjela.org\/oberenn\/feiz-anjela-ivona-martin\/?lang=bz\">Lenn pelloc&rsquo;h\u2026<\/a>)<\/p>\n<\/td>\n<td style=\"width: 138.2px; border-style: hidden;\">\n<p><a href=\"http:\/\/www.anjela.org\/oberenn\/feiz-anjela-ivona-martin\/?lang=bz\"><img loading=\"lazy\" decoding=\"async\" class=\"alignright wp-image-5387\" src=\"http:\/\/www.anjela.org\/oberenn\/wp-content\/uploads\/2018\/09\/ivona-martin.jpg\" alt=\"Ivona Martin\" width=\"131\" height=\"160\" data-id=\"5387\"><\/a><\/p>\n<\/td>\n<\/tr>\n<\/tbody>\n<\/table>\n<h3 class=\"entry-title\"><a href=\"http:\/\/www.anjela.org\/oberenn\/war-hent-anjela-ivona-martin\/?lang=bz\">War \u00ab hent \u00bb Anjela \u2013 Ivona Martin<\/a><\/h3>\n<table style=\"width: 716px; border-style: hidden;\">\n<tbody>\n<tr>\n<td style=\"width: 706px; border-style: hidden;\">\n<p>Lakaet on gwall nec\u2019het evit komz eus Anjela. Darempredo\u00f9 ingal ha stank hon eus bet e-pad ugent vloaz, eskemmet hon eus kantado\u00f9 a lizhiri, hag en holl, tremenet em eus mizvezhio\u00f9 e Trao\u00f1-an-Dour. Penaos avat, nemet chom \u00ab war-c\u2019horre \u00bb a rafen, lavarout piv e oa, pa chom-hi c\u2019hoazh ur c\u2019hevrin evidon e meur a ge\u00f1ver, ha marteze eo re abred klask hen ober ? (<a href=\"http:\/\/www.anjela.org\/oberenn\/war-hent-anjela-ivona-martin\/?lang=bz\">Lenn pelloc&rsquo;h\u2026<\/a>)<\/p>\n<\/td>\n<\/tr>\n<\/tbody>\n<\/table>\n<p>&nbsp;<\/p>\n<h3 class=\"entry-title\"><a href=\"http:\/\/www.anjela.org\/oberenn\/meinigou-kizellet-corinne-ar-mero\/?lang=bz\">Meinigo\u00f9 kizellet \u2013 Corinne ar Mero<\/a><\/h3>\n<table style=\"width: 720px; border-style: hidden;\">\n<tbody>\n<tr>\n<td style=\"width: 589.733px; border-style: hidden;\">\u00ab Rouez, ya, rouez-meurbet, e seblant beza\u00f1 ar merc&rsquo;hed troet da skriva\u00f1 barzhoniezh \u00bb a skrive Klerg e 1973 <sup>1<\/sup>. Herveza\u00f1 e oa ken donezonet ar merc&rsquo;hed hag ar baotred e-ke\u00f1ver barzhoniezh, nemet marteze ar merc&rsquo;hed ne gredent ket lakaat pezh a santont war ar paper. Me ne gav ket din e vije nebeutoc&rsquo;h a verc&rsquo;hed \u00ab troet da skriva\u00f1 \u00bb barzhonego\u00f9. Un afer degouezhio\u00f9 eo, e-barzh ur gevredigezh roet, ma c&rsquo;hallont ober pe get.&nbsp; (<a href=\"http:\/\/www.anjela.org\/oberenn\/meinigou-kizellet-corinne-ar-mero\/?lang=bz\">Lenn pelloc&rsquo;h\u2026<\/a>)<\/td>\n<td style=\"width: 124.267px; border-style: hidden;\"><img loading=\"lazy\" decoding=\"async\" class=\"alignnone wp-image-4431 size-full\" src=\"http:\/\/www.anjela.org\/oberenn\/wp-content\/uploads\/2017\/10\/c.-ar-mero.jpg\" alt=\"Corinne ar Mero\" width=\"200\" height=\"200\" srcset=\"https:\/\/www.anjela.org\/oberenn\/wp-content\/uploads\/2017\/10\/c.-ar-mero.jpg 200w, https:\/\/www.anjela.org\/oberenn\/wp-content\/uploads\/2017\/10\/c.-ar-mero-150x150.jpg 150w\" sizes=\"(max-width: 200px) 100vw, 200px\" \/><\/td>\n<\/tr>\n<\/tbody>\n<\/table>\n<p>&nbsp;<\/p>\n<h3 class=\"entry-title\"><a href=\"http:\/\/www.anjela.org\/oberenn\/eun-oberenn-a-bouez-braz-anjela-duval-kan-an-douar-per-vari-mevel\/?lang=bz\">Eun oberenn a-bouez braz Anjela Duval, <em>Kan an Douar<\/em> \u2013 Per-Vari Mevel<\/a><\/h3>\n<table style=\"width: 724px; border-style: hidden;\">\n<tbody>\n<tr>\n<td style=\"width: 10px;\">&nbsp;<\/td>\n<td style=\"width: 708px; border-style: hidden;\">N&#8217;emaom ket e-touez ar re-ze a ra dalhmad meuleudi da gement linenn a vez gwisket \u2014 pe treuzwisket \u2014 e brezoneg. Setu perag on-eus muioh a frankiz evid lavaroud pegement a vad a zonjom eus Barzaz Anjela Duval,&nbsp;<em>Kan an Douar<\/em>, pegen entanet om bet ouz e lenn, ha pegen uhel e lakaom al leor-ze el lennegez vrezoneg. D&rsquo;or meno eo ar gwella tra bet embannet abaoue hanterkant vloaz d&rsquo;an nebeuta. (<a href=\"http:\/\/www.anjela.org\/oberenn\/eun-oberenn-a-bouez-braz-anjela-duval-kan-an-douar-per-vari-mevel\/?lang=bz\">Lenn pelloc&rsquo;h\u2026<\/a>)<\/td>\n<\/tr>\n<\/tbody>\n<\/table>\n<p>&nbsp;<\/p>\n<h3 class=\"entry-title\"><a href=\"http:\/\/www.anjela.org\/oberenn\/feunteun-gozh-traon-an-dour-fanch-morvannou\/?lang=bz\">Feunteun gozh Trao\u00f1-an-Dour \u2013 Fa\u00f1ch Morvanno\u00f9<\/a><\/h3>\n<table style=\"width: 710px; border-style: hidden;\">\n<tbody>\n<tr>\n<td style=\"width: 132.483px; border-style: hidden;\">\n<p><img loading=\"lazy\" decoding=\"async\" class=\"aligncenter wp-image-5550 size-full\" src=\"http:\/\/www.anjela.org\/oberenn\/wp-content\/uploads\/2018\/11\/morvannou1-1.jpg\" alt=\"Fa\u00f1ch Morvanno\u00f9\" width=\"137\" height=\"160\" data-id=\"5546\"><\/p>\n<\/td>\n<td style=\"width: 561.517px; border-style: hidden;\">E 1972 e reas ar Fra\u00f1s a-bezh anaoudegezh gant Anjela Duval en un abadenn tele e galleg a oa heh anw \u00ab&nbsp;Les Conteurs&nbsp;\u00bb, kasset en-dro gant Andr\u00e9 Voisin. Dre ar galleg ha dre ar Fra\u00f1s eo e teuas evelse Anjela da veza\u00f1 anavezet en he bro Vreizh (araog ne oa gwraet nemed gant un dornadig tud). Evelse e ouias iwe ar Vretoned e oa e Bro-Dreger ur beisantes kroget da vont war an oad hag a skrive e brezhoneg\u2026 (<a href=\"http:\/\/www.anjela.org\/oberenn\/feunteun-gozh-traon-an-dour-fanch-morvannou\/?lang=bz\">Lenn pelloc&rsquo;h\u2026<\/a>)<\/td>\n<\/tr>\n<\/tbody>\n<\/table>\n<p>&nbsp;<\/p>\n<h3 class=\"entry-title\"><a href=\"http:\/\/www.anjela.org\/oberenn\/traon-an-dour-fanch-peru\/?lang=bz\">Trao\u00f1-an-Dour \u2013 Fa\u00f1ch Peru<\/a><\/h3>\n<table style=\"width: 721px; border-style: hidden;\">\n<tbody>\n<tr>\n<td style=\"width: 543.767px;\">\n<p style=\"padding-left: 180px;\">Trao\u00f1 an Dour <br \/>\nTraonienn sioul ha mud <br \/>\nTavet eo ar varzhez <br \/>\nHag he chas<\/p>\n<p style=\"padding-left: 180px;\">(<a href=\"http:\/\/www.anjela.org\/oberenn\/traon-an-dour-fanch-peru\/?lang=bz\">Lenn pelloc&rsquo;h\u2026<\/a>)<\/p>\n<\/td>\n<td style=\"width: 161.233px; border-style: hidden;\"><img loading=\"lazy\" decoding=\"async\" class=\"aligncenter  wp-image-5557\" src=\"http:\/\/www.anjela.org\/oberenn\/wp-content\/uploads\/2018\/11\/fanch-peru-thumb.png\" alt=\"\" width=\"129\" height=\"151\" data-id=\"5557\"><\/td>\n<\/tr>\n<\/tbody>\n<\/table>\n<p>&nbsp;<\/p>\n<h3 class=\"entry-title\"><a href=\"http:\/\/www.anjela.org\/oberenn\/pa-gavan-foenn-ne-debran-ket-a-blouz-yann-ber-piriou\/?lang=bz\">Pa gavan foenn ne debran ket a blouz \u2013 Yann-B\u00ear Piriou<\/a><\/h3>\n<table>\n<tbody>\n<tr>\n<td style=\"width: 129px; border-style: hidden;\">\n<p><img loading=\"lazy\" decoding=\"async\" class=\"size-full wp-image-5564\" src=\"http:\/\/www.anjela.org\/oberenn\/wp-content\/uploads\/2018\/11\/yann-ber-piriou.jpg\" alt=\"\" width=\"137\" height=\"160\" data-id=\"5564\"><\/p>\n<\/td>\n<td style=\"width: 597px; border-style: hidden;\">\n<p>Boaz e oamp da vont d\u2019ar vilin-se bep ha\u00f1v pa veze brav an amzer. Degemeret mat e vezemp ha laosket da vont betek ribl ar st\u00ear e-lec\u2019h ma tremenemp eurvezhio\u00f9 laouen, va bugale, o mamm ha me, e peoc\u2019h ar glasvez, an evned hag an dour.<\/p>\n<p>A-boan diskennet eus ar wetur en deiz-se em boa remerket e oa, e-kreiz ar porzh, un den war an oad o tivizout gant Ad\u00e8le ar vilinerez.<\/p>\n<p>(<a href=\"http:\/\/www.anjela.org\/oberenn\/pa-gavan-foenn-ne-debran-ket-a-blouz-yann-ber-piriou\/?lang=bz\">Lenn pelloc&rsquo;h\u2026<\/a>)<\/p>\n<p>Gwelet ivez : <a href=\"https:\/\/www.anjela.org\/oberenn\/kan-ar-skrilhed-yann-ber-piriou\/?lang=bz\" target=\"_blank\" rel=\"noopener noreferrer\">\u201cKan ar Skrilhed e Trao\u00f1-an-Dour\u201d,<\/a> bet embannet e-barzh <em>Al Liamm<\/em> (niv. 121, Meurzh-Ebrel 1967)<\/td>\n<\/tr>\n<\/tbody>\n<\/table>\n<p>&nbsp;<\/p>\n<h3 class=\"entry-title\"><a href=\"http:\/\/www.anjela.org\/oberenn\/ar-soudard-kozh-naig-rozmor\/?lang=bz\">Ar \u00ab soudard kozh \u00bb \u2013 Naig Rozmor<\/a><\/h3>\n<table style=\"width: 726px; border-style: hidden;\">\n<tbody>\n<tr>\n<td style=\"width: 522.733px;\">\n<p>\nAnaout a raen Anjela Duval dre he skrido\u00f9 abaoe pell zo, rak aketus e vezen da lenn kement tra embannet diwar he fluenn, dre ma prizen he barzhoniaj ha ma toujen d\u2019he menozio\u00f9. Tamm-ha-tamm avat e kreske ma c\u2019hoant da vont d\u2019ar \u00ab feunteun gozh \u00bb da glask, evel pet ha pet all, ur banne dour fresk, ha pemp bloaz zo bet en ha\u00f1v dremenet, setu me gant va mignonez war hent Trao\u00f1-an-Dour. (<a href=\"http:\/\/www.anjela.org\/oberenn\/ar-soudard-kozh-naig-rozmor\/?lang=bz\">Lenn pelloc&rsquo;h\u2026<\/a>)<\/p>\n<\/td>\n<td style=\"width: 187.267px; border-style: hidden;\">\n<p><img loading=\"lazy\" decoding=\"async\" class=\"wp-image-5697 size-full aligncenter\" src=\"http:\/\/www.anjela.org\/oberenn\/wp-content\/uploads\/2018\/11\/naig-rozmor.png\" alt=\"Naig Rozmor\" width=\"137\" height=\"160\" data-id=\"5564\"><\/p>\n<\/td>\n<\/tr>\n<\/tbody>\n<\/table>\n<p>&nbsp;<\/p>\n<h3 class=\"entry-title\">Paper, papero\u00f9 ha papero\u00f9igo\u00f9 Anjela \u2013 Soaz an Tieg<\/h3>\n<table style=\"width: 714px; border-style: hidden;\">\n<tbody>\n<tr>\n<td style=\"width: 526.75px; border-style: hidden;\">\n<p>\nKement tamm paper mat da veza\u00f1 skrivet warna\u00f1 a veze arboellet gant Anjela. N\u2019eo ket hi a vije bet gwelet o teurel un tamm bara kuit ha kenkoulz all an diste- ra\u00f1 paper gwenn a dalveze bara evit he skritur. Er skol e tape ar vugale ar pleg da espern paper ha kaiero\u00f9. Kaiero\u00f9 brouilho\u00f1s a veze roet deomp goude beza\u00f1 bet desket skriva\u00f1 war un ardoazenn. (<a href=\"http:\/\/www.anjela.org\/oberenn\/paper-paperou-ha-paperouigou-anjela-soaz-an-tieg\/?lang=bz\">Lenn pelloc&rsquo;h\u2026<\/a>)<\/p>\n<\/td>\n<td style=\"width: 171.25px; border-style: hidden;\">\n<p><img loading=\"lazy\" decoding=\"async\" class=\"wp-image-5703 size-full aligncenter\" src=\"http:\/\/www.anjela.org\/oberenn\/wp-content\/uploads\/2018\/11\/soaz-an-tieg.jpg\" alt=\"\" width=\"137\" height=\"160\" data-id=\"5564\"><\/p>\n<\/td>\n<\/tr>\n<\/tbody>\n<\/table>\n<p><span style=\"font-size: 10pt;\"><a href=\"http:\/\/www.anjela.org\/oberenn\/orin-ar-poltriji\/?lang=bz\" target=\"_blank\" rel=\"noopener noreferrer\">Orin ar poltriji<\/a><\/span><\/p>\n","protected":false},"excerpt":{"rendered":"<p>Awen ar galon \u2013 P\u00ear Denez Meur a wech on bet e darempred gant Anjela. &lsquo;M eus aon ne oa morse evit [&hellip;]<\/p>\n","protected":false},"author":1,"featured_media":0,"parent":0,"menu_order":0,"comment_status":"closed","ping_status":"closed","template":"","meta":{"_acf_changed":false,"ngg_post_thumbnail":0,"footnotes":""},"class_list":["post-2636","page","type-page","status-publish","hentry"],"acf":[],"yoast_head":"<!-- This site is optimized with the Yoast SEO plugin v27.5 - https:\/\/yoast.com\/product\/yoast-seo-wordpress\/ -->\n<title>Pennado\u00f9-skrid - Anjela Duval<\/title>\n<meta name=\"description\" content=\"Un toullad tud o doa tapet krog en o c\u2019hreiono\u00f9 (pe en o skritellaouego\u00f9\u2026) a-benn ranna\u00f1 ur sell, o sell dezhe, war Anjela Duval, barzhez Trao\u00f1-an-Dour\u2026\" \/>\n<meta name=\"robots\" content=\"index, follow, max-snippet:-1, max-image-preview:large, max-video-preview:-1\" \/>\n<link rel=\"canonical\" href=\"https:\/\/www.anjela.org\/oberenn\/bz\/pennadou-skrid\/\" \/>\n<meta property=\"og:locale\" content=\"fr_FR\" \/>\n<meta property=\"og:type\" content=\"article\" \/>\n<meta property=\"og:title\" content=\"Pennado\u00f9-skrid - Anjela Duval\" \/>\n<meta property=\"og:description\" content=\"Un toullad tud o doa tapet krog en o c\u2019hreiono\u00f9 (pe en o skritellaouego\u00f9\u2026) a-benn ranna\u00f1 ur sell, o sell dezhe, war Anjela Duval, barzhez Trao\u00f1-an-Dour\u2026\" \/>\n<meta property=\"og:url\" content=\"https:\/\/www.anjela.org\/oberenn\/bz\/pennadou-skrid\/\" \/>\n<meta property=\"og:site_name\" content=\"Anjela Duval\" \/>\n<meta property=\"article:modified_time\" content=\"2025-08-13T14:51:06+00:00\" \/>\n<meta property=\"og:image\" content=\"https:\/\/www.anjela.org\/oberenn\/wp-content\/uploads\/2017\/10\/per_denez.jpg\" \/>\n\t<meta property=\"og:image:width\" content=\"691\" \/>\n\t<meta property=\"og:image:height\" content=\"700\" \/>\n\t<meta property=\"og:image:type\" content=\"image\/jpeg\" \/>\n<meta name=\"twitter:card\" content=\"summary_large_image\" \/>\n<meta name=\"twitter:label1\" content=\"Dur\u00e9e de lecture estim\u00e9e\" \/>\n\t<meta name=\"twitter:data1\" content=\"7 minutes\" \/>\n<script type=\"application\/ld+json\" class=\"yoast-schema-graph\">{\"@context\":\"https:\\\/\\\/schema.org\",\"@graph\":[{\"@type\":\"WebPage\",\"@id\":\"https:\\\/\\\/www.anjela.org\\\/oberenn\\\/bz\\\/pennadou-skrid\\\/\",\"url\":\"https:\\\/\\\/www.anjela.org\\\/oberenn\\\/bz\\\/pennadou-skrid\\\/\",\"name\":\"Pennado\u00f9-skrid - Anjela Duval\",\"isPartOf\":{\"@id\":\"https:\\\/\\\/www.anjela.org\\\/oberenn\\\/#website\"},\"primaryImageOfPage\":{\"@id\":\"https:\\\/\\\/www.anjela.org\\\/oberenn\\\/bz\\\/pennadou-skrid\\\/#primaryimage\"},\"image\":{\"@id\":\"https:\\\/\\\/www.anjela.org\\\/oberenn\\\/bz\\\/pennadou-skrid\\\/#primaryimage\"},\"thumbnailUrl\":\"http:\\\/\\\/www.anjela.org\\\/oberenn\\\/wp-content\\\/uploads\\\/2017\\\/10\\\/per_denez-296x300.jpg\",\"datePublished\":\"2017-10-23T15:42:12+00:00\",\"dateModified\":\"2025-08-13T14:51:06+00:00\",\"description\":\"Un toullad tud o doa tapet krog en o c\u2019hreiono\u00f9 (pe en o skritellaouego\u00f9\u2026) a-benn ranna\u00f1 ur sell, o sell dezhe, war Anjela Duval, barzhez Trao\u00f1-an-Dour\u2026\",\"breadcrumb\":{\"@id\":\"https:\\\/\\\/www.anjela.org\\\/oberenn\\\/bz\\\/pennadou-skrid\\\/#breadcrumb\"},\"inLanguage\":\"fr-FR\",\"potentialAction\":[{\"@type\":\"ReadAction\",\"target\":[\"https:\\\/\\\/www.anjela.org\\\/oberenn\\\/bz\\\/pennadou-skrid\\\/\"]}]},{\"@type\":\"ImageObject\",\"inLanguage\":\"fr-FR\",\"@id\":\"https:\\\/\\\/www.anjela.org\\\/oberenn\\\/bz\\\/pennadou-skrid\\\/#primaryimage\",\"url\":\"https:\\\/\\\/www.anjela.org\\\/oberenn\\\/wp-content\\\/uploads\\\/2017\\\/10\\\/per_denez.jpg\",\"contentUrl\":\"https:\\\/\\\/www.anjela.org\\\/oberenn\\\/wp-content\\\/uploads\\\/2017\\\/10\\\/per_denez.jpg\",\"width\":691,\"height\":700,\"caption\":\"Per Denez \u2013 foto Didier Ollivr\u00e9\"},{\"@type\":\"BreadcrumbList\",\"@id\":\"https:\\\/\\\/www.anjela.org\\\/oberenn\\\/bz\\\/pennadou-skrid\\\/#breadcrumb\",\"itemListElement\":[{\"@type\":\"ListItem\",\"position\":1,\"name\":\"Accueil\",\"item\":\"https:\\\/\\\/www.anjela.org\\\/oberenn\\\/\"},{\"@type\":\"ListItem\",\"position\":2,\"name\":\"Pennado\u00f9-skrid\"}]},{\"@type\":\"WebSite\",\"@id\":\"https:\\\/\\\/www.anjela.org\\\/oberenn\\\/#website\",\"url\":\"https:\\\/\\\/www.anjela.org\\\/oberenn\\\/\",\"name\":\"Anjela Duval\",\"description\":\"\",\"publisher\":{\"@id\":\"https:\\\/\\\/www.anjela.org\\\/oberenn\\\/#organization\"},\"potentialAction\":[{\"@type\":\"SearchAction\",\"target\":{\"@type\":\"EntryPoint\",\"urlTemplate\":\"https:\\\/\\\/www.anjela.org\\\/oberenn\\\/?s={search_term_string}\"},\"query-input\":{\"@type\":\"PropertyValueSpecification\",\"valueRequired\":true,\"valueName\":\"search_term_string\"}}],\"inLanguage\":\"fr-FR\"},{\"@type\":\"Organization\",\"@id\":\"https:\\\/\\\/www.anjela.org\\\/oberenn\\\/#organization\",\"name\":\"Mignoned Anjela\",\"url\":\"https:\\\/\\\/www.anjela.org\\\/oberenn\\\/\",\"logo\":{\"@type\":\"ImageObject\",\"inLanguage\":\"fr-FR\",\"@id\":\"https:\\\/\\\/www.anjela.org\\\/oberenn\\\/#\\\/schema\\\/logo\\\/image\\\/\",\"url\":\"https:\\\/\\\/www.anjela.org\\\/oberenn\\\/wp-content\\\/uploads\\\/2019\\\/11\\\/logo-mignoned-angela.png\",\"contentUrl\":\"https:\\\/\\\/www.anjela.org\\\/oberenn\\\/wp-content\\\/uploads\\\/2019\\\/11\\\/logo-mignoned-angela.png\",\"width\":248,\"height\":147,\"caption\":\"Mignoned Anjela\"},\"image\":{\"@id\":\"https:\\\/\\\/www.anjela.org\\\/oberenn\\\/#\\\/schema\\\/logo\\\/image\\\/\"}}]}<\/script>\n<!-- \/ Yoast SEO plugin. -->","yoast_head_json":{"title":"Pennado\u00f9-skrid - Anjela Duval","description":"Un toullad tud o doa tapet krog en o c\u2019hreiono\u00f9 (pe en o skritellaouego\u00f9\u2026) a-benn ranna\u00f1 ur sell, o sell dezhe, war Anjela Duval, barzhez Trao\u00f1-an-Dour\u2026","robots":{"index":"index","follow":"follow","max-snippet":"max-snippet:-1","max-image-preview":"max-image-preview:large","max-video-preview":"max-video-preview:-1"},"canonical":"https:\/\/www.anjela.org\/oberenn\/bz\/pennadou-skrid\/","og_locale":"fr_FR","og_type":"article","og_title":"Pennado\u00f9-skrid - Anjela Duval","og_description":"Un toullad tud o doa tapet krog en o c\u2019hreiono\u00f9 (pe en o skritellaouego\u00f9\u2026) a-benn ranna\u00f1 ur sell, o sell dezhe, war Anjela Duval, barzhez Trao\u00f1-an-Dour\u2026","og_url":"https:\/\/www.anjela.org\/oberenn\/bz\/pennadou-skrid\/","og_site_name":"Anjela Duval","article_modified_time":"2025-08-13T14:51:06+00:00","og_image":[{"width":691,"height":700,"url":"https:\/\/www.anjela.org\/oberenn\/wp-content\/uploads\/2017\/10\/per_denez.jpg","type":"image\/jpeg"}],"twitter_card":"summary_large_image","twitter_misc":{"Dur\u00e9e de lecture estim\u00e9e":"7 minutes"},"schema":{"@context":"https:\/\/schema.org","@graph":[{"@type":"WebPage","@id":"https:\/\/www.anjela.org\/oberenn\/bz\/pennadou-skrid\/","url":"https:\/\/www.anjela.org\/oberenn\/bz\/pennadou-skrid\/","name":"Pennado\u00f9-skrid - Anjela Duval","isPartOf":{"@id":"https:\/\/www.anjela.org\/oberenn\/#website"},"primaryImageOfPage":{"@id":"https:\/\/www.anjela.org\/oberenn\/bz\/pennadou-skrid\/#primaryimage"},"image":{"@id":"https:\/\/www.anjela.org\/oberenn\/bz\/pennadou-skrid\/#primaryimage"},"thumbnailUrl":"http:\/\/www.anjela.org\/oberenn\/wp-content\/uploads\/2017\/10\/per_denez-296x300.jpg","datePublished":"2017-10-23T15:42:12+00:00","dateModified":"2025-08-13T14:51:06+00:00","description":"Un toullad tud o doa tapet krog en o c\u2019hreiono\u00f9 (pe en o skritellaouego\u00f9\u2026) a-benn ranna\u00f1 ur sell, o sell dezhe, war Anjela Duval, barzhez Trao\u00f1-an-Dour\u2026","breadcrumb":{"@id":"https:\/\/www.anjela.org\/oberenn\/bz\/pennadou-skrid\/#breadcrumb"},"inLanguage":"fr-FR","potentialAction":[{"@type":"ReadAction","target":["https:\/\/www.anjela.org\/oberenn\/bz\/pennadou-skrid\/"]}]},{"@type":"ImageObject","inLanguage":"fr-FR","@id":"https:\/\/www.anjela.org\/oberenn\/bz\/pennadou-skrid\/#primaryimage","url":"https:\/\/www.anjela.org\/oberenn\/wp-content\/uploads\/2017\/10\/per_denez.jpg","contentUrl":"https:\/\/www.anjela.org\/oberenn\/wp-content\/uploads\/2017\/10\/per_denez.jpg","width":691,"height":700,"caption":"Per Denez \u2013 foto Didier Ollivr\u00e9"},{"@type":"BreadcrumbList","@id":"https:\/\/www.anjela.org\/oberenn\/bz\/pennadou-skrid\/#breadcrumb","itemListElement":[{"@type":"ListItem","position":1,"name":"Accueil","item":"https:\/\/www.anjela.org\/oberenn\/"},{"@type":"ListItem","position":2,"name":"Pennado\u00f9-skrid"}]},{"@type":"WebSite","@id":"https:\/\/www.anjela.org\/oberenn\/#website","url":"https:\/\/www.anjela.org\/oberenn\/","name":"Anjela Duval","description":"","publisher":{"@id":"https:\/\/www.anjela.org\/oberenn\/#organization"},"potentialAction":[{"@type":"SearchAction","target":{"@type":"EntryPoint","urlTemplate":"https:\/\/www.anjela.org\/oberenn\/?s={search_term_string}"},"query-input":{"@type":"PropertyValueSpecification","valueRequired":true,"valueName":"search_term_string"}}],"inLanguage":"fr-FR"},{"@type":"Organization","@id":"https:\/\/www.anjela.org\/oberenn\/#organization","name":"Mignoned Anjela","url":"https:\/\/www.anjela.org\/oberenn\/","logo":{"@type":"ImageObject","inLanguage":"fr-FR","@id":"https:\/\/www.anjela.org\/oberenn\/#\/schema\/logo\/image\/","url":"https:\/\/www.anjela.org\/oberenn\/wp-content\/uploads\/2019\/11\/logo-mignoned-angela.png","contentUrl":"https:\/\/www.anjela.org\/oberenn\/wp-content\/uploads\/2019\/11\/logo-mignoned-angela.png","width":248,"height":147,"caption":"Mignoned Anjela"},"image":{"@id":"https:\/\/www.anjela.org\/oberenn\/#\/schema\/logo\/image\/"}}]}},"_links":{"self":[{"href":"https:\/\/www.anjela.org\/oberenn\/wp-json\/wp\/v2\/pages\/2636","targetHints":{"allow":["GET"]}}],"collection":[{"href":"https:\/\/www.anjela.org\/oberenn\/wp-json\/wp\/v2\/pages"}],"about":[{"href":"https:\/\/www.anjela.org\/oberenn\/wp-json\/wp\/v2\/types\/page"}],"author":[{"embeddable":true,"href":"https:\/\/www.anjela.org\/oberenn\/wp-json\/wp\/v2\/users\/1"}],"replies":[{"embeddable":true,"href":"https:\/\/www.anjela.org\/oberenn\/wp-json\/wp\/v2\/comments?post=2636"}],"version-history":[{"count":0,"href":"https:\/\/www.anjela.org\/oberenn\/wp-json\/wp\/v2\/pages\/2636\/revisions"}],"wp:attachment":[{"href":"https:\/\/www.anjela.org\/oberenn\/wp-json\/wp\/v2\/media?parent=2636"}],"curies":[{"name":"wp","href":"https:\/\/api.w.org\/{rel}","templated":true}]}}