{"id":2574,"date":"2017-10-18T00:43:15","date_gmt":"2017-10-17T22:43:15","guid":{"rendered":"http:\/\/www.anjela.org\/oberenn\/?page_id=2574"},"modified":"2025-08-13T15:24:45","modified_gmt":"2025-08-13T13:24:45","slug":"rimostellou-ha-kanaouennou-kanaouennou","status":"publish","type":"page","link":"https:\/\/www.anjela.org\/oberenn\/bz\/rimostellou-ha-kanaouennou-kanaouennou\/","title":{"rendered":"Rimostello\u00f9 ha kanaouenno\u00f9 &#8211; Kanaouenno\u00f9"},"content":{"rendered":"<h3>Kanaouenno\u00f9 evit ar vugale<\/h3>\n<h4>Kanaouennig ar c&rsquo;hadig<\/h4>\n<p>Ur c&rsquo;hadig, div c&rsquo;hadig, teir c&rsquo;hadig rouz <br \/>\n Lojet en noz-ma\u00f1 er bern plouz <br \/>\n Warc&rsquo;hoazh da noz &lsquo;refont &lsquo;darre<br \/>\n Ma gallan, ma gallan, me &lsquo;dapo &lsquo;n\u00ea<\/p>\n<p>Ur c&rsquo;hadig, div c&rsquo;hadig, teir c&rsquo;hadig wenn <br \/>\n Lojet en noz-ma\u00f1 er bern foenn <br \/>\n Warc&rsquo;hoazh da noz &lsquo;refont &lsquo;darre<br \/>\n Ma gallan, ma gallan, me &lsquo;dapo &lsquo;n\u00ea<\/p>\n<h4>Ar butun<\/h4>\n<p>Ar butun zo ur mignon d&rsquo;an den &lsquo;vez e-unan<br \/>\n Pried ur wreg direzon a gonsol en e boan<br \/>\n Pa sant ma\u00f1ch ar skubellenn prest da vont&nbsp;war e choug<br \/>\n E laka ur brizennig hag ec&rsquo;h a en e roud<\/p>\n<h4>Ar minored<\/h4>\n<p>Ni &lsquo;oa manet hon-daou minored <br \/>\n &lsquo;Barzh ar bed-ma\u00f1 war-lerc&rsquo;h hon zud <br \/>\n Me a vale dre ar provi\u00f1so\u00f9<br \/>\n Ha hi a vev en solitud } <sub>2 wech<\/sub><\/p>\n<p>Kana\u00f1 &lsquo;ra ar martolod<br \/>\n &lsquo;Vit ma klevo ma c&rsquo;hoar Perrina\u00f1 <br \/>\n Gant ar mare e yel ma mouezh<br \/>\n Zo &lsquo;barzh en kouent Santez-Anna\u00f1 <br \/>\n Tri bloaz so pa\u00f1sionerez.<\/p>\n<h4>Marzhin<\/h4>\n<p>Marzhin, Marzhin, pelec&rsquo;h &lsquo;c&rsquo;h it-hu <br \/>\n Ken beure-ma\u00f1 gant ho ki du ?<br \/>\n Da huneta, ma mabig, ma mabig <br \/>\n Da huneta, toutoui la la<\/p>\n<h4>An \u00ab Tour de France \u00bb, gant Thomas Camlez<\/h4>\n<p>&lsquo;C&rsquo;h an da guitaat Treger <br \/>\n Ma mestrez, ma lignez <br \/>\n Ma mamm ken familier <br \/>\n Ha leun a garantez<\/p>\n<p>Ha &lsquo;c&rsquo;h an da vale bro <br \/>\n D&rsquo;ober ma zour-da-Fra\u00f1s <br \/>\n Adieu &lsquo;ta, kenavo !<br \/>\n D&rsquo;an holl, boneur ha cha\u00f1s<\/p>\n<p>Me &lsquo;dremen k\u00ear ar Roc&rsquo;h <br \/>\n Ma c&rsquo;holier dibrennet<br \/>\n Ma lak en em sac&rsquo;h broc&rsquo;h <br \/>\n Galleg na ouien ket<\/p>\n<p style=\"padding-left: 30px;\"><em>Ama\u00f1 &lsquo;m eus kollet naet ar so\u00f1j eus ar son. Bepred eo bet ur c&rsquo;hrogad er Chara\u00f1t. Erru e Bourdel e l\u00e2r evel-hen :<\/em><\/p>\n<p>Ar gwin hag ar merc&rsquo;hed <br \/>\n Zo fentus dre eno<br \/>\n Neb deu re d&rsquo;o c&rsquo;haret <br \/>\n Gwall rafe chom &lsquo;n e vro<\/p>\n<p style=\"padding-left: 30px;\"><em>Tremenet en Toulouz &lsquo;n deus gwelet feunteun vras ar Perou ?, skol ar vedisined a renk uhe- la\u00f1 zo.<\/em><\/p>\n<p>Da Varseilh ac&rsquo;hane <br \/>\n E teuis prontamant<br \/>\n Ar ger gaer a C&rsquo;hreisteiz <br \/>\n Pinvik ha kenwerzhant<\/p>\n<p>C&rsquo;hwezh ar gleurc&rsquo;h war an tan <br \/>\n Doue na santan mui<br \/>\n Ha merc&rsquo;hed Perwenan <br \/>\n Zo tri c&rsquo;hant lev ouzhin<\/p>\n<p>Met evit tostaat d\u00ea <br \/>\n Me &lsquo;dro war ma zalon <br \/>\n Joaus, kontant ha g\u00ea <br \/>\n Dre Eks hag Avignon<\/p>\n<p>Er g\u00ear-ma\u00f1 &lsquo;m eus gwelet <br \/>\n Palez an Tad Santel<br \/>\n Ur pont kozh ha flaouiet <br \/>\n War e greiz ur chapel<\/p>\n<p>Ha da Nim ac&rsquo;hane <br \/>\nNeuze &lsquo;c&rsquo;h on diskennet <br \/>\nE-lec&rsquo;h ma habite <br \/>\nGwechall ar Romaned<\/p>\n<p>Gwelet an areno\u00f9<br \/>\n&lsquo;Lec&rsquo;h ma &lsquo;c&rsquo;h eer da c&rsquo;houren <br \/>\nUn tour plaset eno<br \/>\nUhel war an dosenn<\/p>\n<p>A templ a Dianez<br \/>\nAn Ti-karrez ouzhpenn <br \/>\nA zo graet gant adres <br \/>\nImposupl da gompren<\/p>\n<p>Salud Lyon-sur-Rh\u00f4ne !<\/p>\n<p>Er g\u00ear-ma\u00f1 &lsquo;n deus brilhet <br \/>\nFleurenn ma yaouankiz <br \/>\n&lsquo;Mesk an ebenisted<br \/>\nDaou vloaz en onestiz<\/p>\n<p>War dregont artizan <br \/>\n&lsquo;Oa deus ma dirijan<br \/>\nHa dindan ha war-benn <br \/>\nPartout on ar c&rsquo;henta\u00f1<\/p>\n<p>Adieu, Lyon-sur-Rh\u00f4ne <br \/>\nPoent eo din so\u00f1jal par <br \/>\nPartia\u00f1 da Vacon<br \/>\nAdieu &lsquo;ta, bro jakar<\/p>\n<p>Dre&nbsp; Dijon,&nbsp; dre&nbsp; Aukserr <br \/>\nDre Droy, Melun, hep keu\u00f1 <br \/>\nLutes, ma c&rsquo;hozh komer<br \/>\n&lsquo;Ma\u00f1 &lsquo;r Seltik war da gleu\u00f1<\/p>\n<p>Setu me en Pariz <br \/>\nBabilon diouzh ar c&rsquo;hiz <br \/>\nO tibita\u00f1 ar c&rsquo;hoad<br \/>\nEn giz d&rsquo;an enizi<\/p>\n<p>Adieu kapital ar Fra\u00f1s <br \/>\nDiaes, koant ha treitour <br \/>\nDre Chart hag Orlea\u00f1 <br \/>\nDre Vloa me &lsquo;ya da Dour<\/p>\n<p>Dre &lsquo;r Ma\u00f1s, A\u00f1je, Poitie <br \/>\nMe &lsquo;retorn d&rsquo;ar Chara\u00f1t <br \/>\nFidel d&rsquo;am fromes<br \/>\nMa mestrez zo kontant<\/p>\n<p>Doue, Tad Eternel<br \/>\nM&rsquo;ho ped, diwar ho tron <br \/>\nPlijit&nbsp; diskenn&nbsp; ur&nbsp; sell <br \/>\nWar ma humbl union<\/p>\n<p style=\"padding-left: 30px;\"><em>Neuze e retorn d&rsquo;ar g\u00ear, d&rsquo;e vro Breizh.<\/em><\/p>\n<p>Salud lec&rsquo;h ma c&rsquo;havell ! <br \/>\nTe, ma mamm, a welan <br \/>\nArru eo ho pugel<br \/>\nJoaus &lsquo;vel fleur an ha\u00f1v<\/p>\n<p>Pebezh joa d&rsquo;ur Breton <br \/>\nGwelet c&rsquo;hoazh e gloched <br \/>\nPresbital e berson<br \/>\nHag e vuia\u00f1 karet<\/p>\n<p>Krapat &lsquo;n ur gwele kloz <br \/>\nDiwar e vank-tosel<br \/>\nHa kemer da repoz<br \/>\nWar ur c&rsquo;holc&rsquo;hedad pell<\/p>\n<h4>Gwreg ar paour<\/h4>\n<p>Na gwechall, pa oan-me matezh <br \/>\nMe &lsquo;douge ar rubano\u00f9<br \/>\nBrema\u00f1 me &lsquo;doug ar vazh valan <br \/>\nAr bisac&rsquo;h d&rsquo;ober an dro<\/p>\n<p>Na gwechall, pa oan-me matezh <br \/>\n&lsquo;N un ti mat o serviji\u00f1<br \/>\nM&rsquo;am bije me kroz hirie <br \/>\nWarc&rsquo;hoazh n&rsquo;am bije mui<\/p>\n<p>Me &lsquo;dape krog em dilhad <br \/>\nO lakae war va skoaz<br \/>\nAdieu deoc&rsquo;h ma mestr, emon-me <br \/>\nAdieu, m&rsquo;ho trugarekaa<\/p>\n<p>Me &lsquo;wel erru ma landruilenn <br \/>\nEn e zorn ur geuneudenn <br \/>\nAdieu deoc&rsquo;h<\/p>\n<h4>An ever gwin<\/h4>\n<p>En anv Doue, pa vin maro <br \/>\nMa interrit &lsquo;n kav ar gwin<br \/>\nMa fenn &lsquo;vo &lsquo;ndan ar varrikenn <br \/>\nHa ma genou &lsquo;ndan ar pin<\/p>\n<p>Ha ma tiverr un dakennig <br \/>\nD&rsquo;am c&rsquo;halon, vad a raio <br \/>\nHa ma tidal ar varrikenn<br \/>\n&lsquo;Leizh ma c&rsquo;horf, me am bezo<\/p>\n<h4>Merc&rsquo;h ar botaouer-koad<\/h4>\n<p>Na pa vez Naig ar Bouder <br \/>\nMerc&rsquo;h ur boutaouer-koad, <br \/>\nMe a rafe ma mestrez <br \/>\nAne&rsquo;i a galon vat<\/p>\n<p>Kenta\u00f1 &lsquo;m boa bet an enor <br \/>\nD&rsquo;hallout parlant ganti<br \/>\nE oa o kerc&rsquo;hat bara <br \/>\nA di forn Kerdangi<\/p>\n","protected":false},"excerpt":{"rendered":"<p>Kanaouenno\u00f9 evit ar vugale Kanaouennig ar c&rsquo;hadig Ur c&rsquo;hadig, div c&rsquo;hadig, teir c&rsquo;hadig rouz Lojet en noz-ma\u00f1 er bern plouz Warc&rsquo;hoazh da [&hellip;]<\/p>\n","protected":false},"author":1,"featured_media":0,"parent":0,"menu_order":0,"comment_status":"closed","ping_status":"closed","template":"","meta":{"_acf_changed":false,"ngg_post_thumbnail":0,"footnotes":""},"class_list":["post-2574","page","type-page","status-publish","hentry"],"acf":[],"yoast_head":"<!-- This site is optimized with the Yoast SEO plugin v27.5 - https:\/\/yoast.com\/product\/yoast-seo-wordpress\/ -->\n<title>Rimostello\u00f9 ha kanaouenno\u00f9 - Kanaouenno\u00f9 - Anjela Duval<\/title>\n<meta name=\"robots\" content=\"index, follow, max-snippet:-1, max-image-preview:large, max-video-preview:-1\" \/>\n<link rel=\"canonical\" href=\"https:\/\/www.anjela.org\/oberenn\/bz\/rimostellou-ha-kanaouennou-kanaouennou\/\" \/>\n<meta property=\"og:locale\" content=\"fr_FR\" \/>\n<meta property=\"og:type\" content=\"article\" \/>\n<meta property=\"og:title\" content=\"Rimostello\u00f9 ha kanaouenno\u00f9 - Kanaouenno\u00f9 - Anjela Duval\" \/>\n<meta property=\"og:description\" content=\"Kanaouenno\u00f9 evit ar vugale Kanaouennig ar c&rsquo;hadig Ur c&rsquo;hadig, div c&rsquo;hadig, teir c&rsquo;hadig rouz Lojet en noz-ma\u00f1 er bern plouz Warc&rsquo;hoazh da [&hellip;]\" \/>\n<meta property=\"og:url\" content=\"https:\/\/www.anjela.org\/oberenn\/bz\/rimostellou-ha-kanaouennou-kanaouennou\/\" \/>\n<meta property=\"og:site_name\" content=\"Anjela Duval\" \/>\n<meta property=\"article:modified_time\" content=\"2025-08-13T13:24:45+00:00\" \/>\n<meta name=\"twitter:card\" content=\"summary_large_image\" \/>\n<meta name=\"twitter:label1\" content=\"Dur\u00e9e de lecture estim\u00e9e\" \/>\n\t<meta name=\"twitter:data1\" content=\"4 minutes\" \/>\n<script type=\"application\/ld+json\" class=\"yoast-schema-graph\">{\"@context\":\"https:\\\/\\\/schema.org\",\"@graph\":[{\"@type\":\"WebPage\",\"@id\":\"https:\\\/\\\/www.anjela.org\\\/oberenn\\\/bz\\\/rimostellou-ha-kanaouennou-kanaouennou\\\/\",\"url\":\"https:\\\/\\\/www.anjela.org\\\/oberenn\\\/bz\\\/rimostellou-ha-kanaouennou-kanaouennou\\\/\",\"name\":\"Rimostello\u00f9 ha kanaouenno\u00f9 - Kanaouenno\u00f9 - Anjela Duval\",\"isPartOf\":{\"@id\":\"https:\\\/\\\/www.anjela.org\\\/oberenn\\\/#website\"},\"datePublished\":\"2017-10-17T22:43:15+00:00\",\"dateModified\":\"2025-08-13T13:24:45+00:00\",\"breadcrumb\":{\"@id\":\"https:\\\/\\\/www.anjela.org\\\/oberenn\\\/bz\\\/rimostellou-ha-kanaouennou-kanaouennou\\\/#breadcrumb\"},\"inLanguage\":\"fr-FR\",\"potentialAction\":[{\"@type\":\"ReadAction\",\"target\":[\"https:\\\/\\\/www.anjela.org\\\/oberenn\\\/bz\\\/rimostellou-ha-kanaouennou-kanaouennou\\\/\"]}]},{\"@type\":\"BreadcrumbList\",\"@id\":\"https:\\\/\\\/www.anjela.org\\\/oberenn\\\/bz\\\/rimostellou-ha-kanaouennou-kanaouennou\\\/#breadcrumb\",\"itemListElement\":[{\"@type\":\"ListItem\",\"position\":1,\"name\":\"Accueil\",\"item\":\"https:\\\/\\\/www.anjela.org\\\/oberenn\\\/\"},{\"@type\":\"ListItem\",\"position\":2,\"name\":\"Rimostello\u00f9 ha kanaouenno\u00f9 &#8211; Kanaouenno\u00f9\"}]},{\"@type\":\"WebSite\",\"@id\":\"https:\\\/\\\/www.anjela.org\\\/oberenn\\\/#website\",\"url\":\"https:\\\/\\\/www.anjela.org\\\/oberenn\\\/\",\"name\":\"Anjela Duval\",\"description\":\"\",\"publisher\":{\"@id\":\"https:\\\/\\\/www.anjela.org\\\/oberenn\\\/#organization\"},\"potentialAction\":[{\"@type\":\"SearchAction\",\"target\":{\"@type\":\"EntryPoint\",\"urlTemplate\":\"https:\\\/\\\/www.anjela.org\\\/oberenn\\\/?s={search_term_string}\"},\"query-input\":{\"@type\":\"PropertyValueSpecification\",\"valueRequired\":true,\"valueName\":\"search_term_string\"}}],\"inLanguage\":\"fr-FR\"},{\"@type\":\"Organization\",\"@id\":\"https:\\\/\\\/www.anjela.org\\\/oberenn\\\/#organization\",\"name\":\"Mignoned Anjela\",\"url\":\"https:\\\/\\\/www.anjela.org\\\/oberenn\\\/\",\"logo\":{\"@type\":\"ImageObject\",\"inLanguage\":\"fr-FR\",\"@id\":\"https:\\\/\\\/www.anjela.org\\\/oberenn\\\/#\\\/schema\\\/logo\\\/image\\\/\",\"url\":\"https:\\\/\\\/www.anjela.org\\\/oberenn\\\/wp-content\\\/uploads\\\/2019\\\/11\\\/logo-mignoned-angela.png\",\"contentUrl\":\"https:\\\/\\\/www.anjela.org\\\/oberenn\\\/wp-content\\\/uploads\\\/2019\\\/11\\\/logo-mignoned-angela.png\",\"width\":248,\"height\":147,\"caption\":\"Mignoned Anjela\"},\"image\":{\"@id\":\"https:\\\/\\\/www.anjela.org\\\/oberenn\\\/#\\\/schema\\\/logo\\\/image\\\/\"}}]}<\/script>\n<!-- \/ Yoast SEO plugin. -->","yoast_head_json":{"title":"Rimostello\u00f9 ha kanaouenno\u00f9 - Kanaouenno\u00f9 - Anjela Duval","robots":{"index":"index","follow":"follow","max-snippet":"max-snippet:-1","max-image-preview":"max-image-preview:large","max-video-preview":"max-video-preview:-1"},"canonical":"https:\/\/www.anjela.org\/oberenn\/bz\/rimostellou-ha-kanaouennou-kanaouennou\/","og_locale":"fr_FR","og_type":"article","og_title":"Rimostello\u00f9 ha kanaouenno\u00f9 - Kanaouenno\u00f9 - Anjela Duval","og_description":"Kanaouenno\u00f9 evit ar vugale Kanaouennig ar c&rsquo;hadig Ur c&rsquo;hadig, div c&rsquo;hadig, teir c&rsquo;hadig rouz Lojet en noz-ma\u00f1 er bern plouz Warc&rsquo;hoazh da [&hellip;]","og_url":"https:\/\/www.anjela.org\/oberenn\/bz\/rimostellou-ha-kanaouennou-kanaouennou\/","og_site_name":"Anjela Duval","article_modified_time":"2025-08-13T13:24:45+00:00","twitter_card":"summary_large_image","twitter_misc":{"Dur\u00e9e de lecture estim\u00e9e":"4 minutes"},"schema":{"@context":"https:\/\/schema.org","@graph":[{"@type":"WebPage","@id":"https:\/\/www.anjela.org\/oberenn\/bz\/rimostellou-ha-kanaouennou-kanaouennou\/","url":"https:\/\/www.anjela.org\/oberenn\/bz\/rimostellou-ha-kanaouennou-kanaouennou\/","name":"Rimostello\u00f9 ha kanaouenno\u00f9 - Kanaouenno\u00f9 - Anjela Duval","isPartOf":{"@id":"https:\/\/www.anjela.org\/oberenn\/#website"},"datePublished":"2017-10-17T22:43:15+00:00","dateModified":"2025-08-13T13:24:45+00:00","breadcrumb":{"@id":"https:\/\/www.anjela.org\/oberenn\/bz\/rimostellou-ha-kanaouennou-kanaouennou\/#breadcrumb"},"inLanguage":"fr-FR","potentialAction":[{"@type":"ReadAction","target":["https:\/\/www.anjela.org\/oberenn\/bz\/rimostellou-ha-kanaouennou-kanaouennou\/"]}]},{"@type":"BreadcrumbList","@id":"https:\/\/www.anjela.org\/oberenn\/bz\/rimostellou-ha-kanaouennou-kanaouennou\/#breadcrumb","itemListElement":[{"@type":"ListItem","position":1,"name":"Accueil","item":"https:\/\/www.anjela.org\/oberenn\/"},{"@type":"ListItem","position":2,"name":"Rimostello\u00f9 ha kanaouenno\u00f9 &#8211; Kanaouenno\u00f9"}]},{"@type":"WebSite","@id":"https:\/\/www.anjela.org\/oberenn\/#website","url":"https:\/\/www.anjela.org\/oberenn\/","name":"Anjela Duval","description":"","publisher":{"@id":"https:\/\/www.anjela.org\/oberenn\/#organization"},"potentialAction":[{"@type":"SearchAction","target":{"@type":"EntryPoint","urlTemplate":"https:\/\/www.anjela.org\/oberenn\/?s={search_term_string}"},"query-input":{"@type":"PropertyValueSpecification","valueRequired":true,"valueName":"search_term_string"}}],"inLanguage":"fr-FR"},{"@type":"Organization","@id":"https:\/\/www.anjela.org\/oberenn\/#organization","name":"Mignoned Anjela","url":"https:\/\/www.anjela.org\/oberenn\/","logo":{"@type":"ImageObject","inLanguage":"fr-FR","@id":"https:\/\/www.anjela.org\/oberenn\/#\/schema\/logo\/image\/","url":"https:\/\/www.anjela.org\/oberenn\/wp-content\/uploads\/2019\/11\/logo-mignoned-angela.png","contentUrl":"https:\/\/www.anjela.org\/oberenn\/wp-content\/uploads\/2019\/11\/logo-mignoned-angela.png","width":248,"height":147,"caption":"Mignoned Anjela"},"image":{"@id":"https:\/\/www.anjela.org\/oberenn\/#\/schema\/logo\/image\/"}}]}},"_links":{"self":[{"href":"https:\/\/www.anjela.org\/oberenn\/wp-json\/wp\/v2\/pages\/2574","targetHints":{"allow":["GET"]}}],"collection":[{"href":"https:\/\/www.anjela.org\/oberenn\/wp-json\/wp\/v2\/pages"}],"about":[{"href":"https:\/\/www.anjela.org\/oberenn\/wp-json\/wp\/v2\/types\/page"}],"author":[{"embeddable":true,"href":"https:\/\/www.anjela.org\/oberenn\/wp-json\/wp\/v2\/users\/1"}],"replies":[{"embeddable":true,"href":"https:\/\/www.anjela.org\/oberenn\/wp-json\/wp\/v2\/comments?post=2574"}],"version-history":[{"count":0,"href":"https:\/\/www.anjela.org\/oberenn\/wp-json\/wp\/v2\/pages\/2574\/revisions"}],"wp:attachment":[{"href":"https:\/\/www.anjela.org\/oberenn\/wp-json\/wp\/v2\/media?parent=2574"}],"curies":[{"name":"wp","href":"https:\/\/api.w.org\/{rel}","templated":true}]}}