{"id":2522,"date":"2017-10-16T00:38:35","date_gmt":"2017-10-15T22:38:35","guid":{"rendered":"http:\/\/www.anjela.org\/oberenn\/?page_id=2522"},"modified":"2025-08-13T15:23:25","modified_gmt":"2025-08-13T13:23:25","slug":"krennlavariou-hag-evezhiadennou-an-natur","status":"publish","type":"page","link":"https:\/\/www.anjela.org\/oberenn\/bz\/krennlavariou-hag-evezhiadennou-an-natur\/","title":{"rendered":"Krennlavario\u00f9 hag evezhiadenno\u00f9 &#8211; An natur"},"content":{"rendered":"<h3>Mizio\u00f9 ar bloaz<\/h3>\n<p>Miz Du ha miz Kerzu eo an daou viz dour<br \/>\n Miz Genver ha miz C&rsquo;hwevrer etre daou zo&nbsp;sec&rsquo;hour<br \/>\n Miz Meurzh ha miz Ebrel a zisec&rsquo;h ar poullo\u00f9<br \/>\n Miz Mae ha Mezheven &lsquo;laka foenn er prajo\u00f9<br \/>\n Miz Gouere ha miz Eost a darev an trevado\u00f9<br \/>\n Miz Gwengolo ha miz Here a leugn ar&nbsp;grignolo\u00f9.<\/p>\n<h4>Genver<\/h4>\n<p>E miz Genver e hal an de\u00f1ved hag e tozv ar yer.<\/p>\n<h4>C&rsquo;hwevrer<\/h4>\n<p>Da Ouel Berc&rsquo;hed <sup>1<\/sup><br \/>\n Hanter ar plouz, hanter &lsquo;n ed<br \/>\n Un areval poazh hag un&rsquo; malet<br \/>\n Hag an hanter brasa\u00f1 war ho solier,&nbsp;mar gellet<\/p>\n<p><strong><em>Displegadenn Anjela Duval<\/em><\/strong><\/p>\n<p>Ya. Tremen hanter ar plouz e kalz a blaso\u00f9, hanter ar foenn ivez. Eus arevalio\u00f9 ne vez mui komzet, na hini poazh na hini malet. Aet eo en trao\u00f1 forn ha milin war ar maez. Hag an hanter brasa\u00f1 war ho solier ? Ha bez&rsquo; zo c&rsquo;hoazh soliero\u00f9 hanter-leun a ?<\/p>\n<p>Gwinizh ? Gwinizh ! N&rsquo;ouzon peseurt nerzh hud a zo bet evidon er ger-se abaoe va bugaleaj tenera\u00f1. Gwinizh ! Ed-bara gouez d&rsquo;ar re gozh. Nag a respet o doa an dud em yaouankiz evit an ed-bara. Nag a breder &lsquo;veze kemeret gant an trevad-se. Ha pa degouezhe d&rsquo;ar gwinizh mont da fall, pebezh koll. Ur bloavezh a vizer hag ouzhpenn ar c&rsquo;holl &lsquo;oa ivez ar vezh. Mezh evit an tieg a dremene&nbsp;evit bout ur menajer fall, ul lazh menaj, evit ar wreg a ranke mont d&rsquo;an ti-forn gant toaz du ar segal-winizh pa ne veze ket segal rik ha kaout nemet bara segal pe bara an teir c&rsquo;hreunenn e-pad ar bloaz.<\/p>\n<p>C&rsquo;hwevrer a c&rsquo;hwezh<br \/>\n A gemer hag a lez<\/p>\n<p>C&rsquo;hwevrerig c&rsquo;hwezh-c&rsquo;hwezh<br \/>\n A lazh ar voualc&rsquo;hig war he neizh<\/p>\n<p>Da Ouel Sant Matiaz <sup>2<\/sup> a groaz ar big he neizh<br \/>\n Deiz Gwener ar Groaz e tozv un u e-barzh.<\/p>\n<p>Deiz Gouel ar Chandelour goude koan<br \/>\n Ar c&rsquo;hantolor en tan !<\/p>\n<p>Da ouel Chandelour<br \/>\n Eo deiz da bep micherour<br \/>\n Nemet d&rsquo;ar c&rsquo;hemener ha d&rsquo;ar gwiader<br \/>\n Ar re-se zo daou luguder.<\/p>\n<h4>Meurzh<\/h4>\n<p>Malarjez &lsquo;tal an tan, Pask &lsquo;kostez &lsquo;r c&rsquo;hleuz<br \/>\n Malarjez &lsquo;kostez &lsquo;r c&rsquo;hleuz, Pask &lsquo;tal an tan<\/p>\n<p>Gant bep seurt tud &lsquo;vez graet aotrounez<br \/>\n Gant bep seurt kig &lsquo;vez graet Malarjez (Ha gant tamm pa ne vez.)<\/p>\n<p>&lsquo;C&rsquo;hoario Meurzh pezh a garo<br \/>\n Pask en Ebrel a vezo<br \/>\n Pask bras pe ar C&rsquo;hazimodo<\/p>\n<p>&lsquo;C&rsquo;hoario Meurzh pezh a garo<br \/>\n Ur c&rsquo;hostez eus ar c&rsquo;hleu\u00f1 a dommo<\/p>\n<p>Da Sul ar bleu\u00f1vio\u00f9<br \/>\n E teu an naered er-maez ar c&rsquo;hleuzio\u00f9<\/p>\n<p>Noz foar Vleunio\u00f9<br \/>\n &lsquo;loj ar goukoug e koad ar Ranno\u00f9<\/p>\n<p>&nbsp;<\/p>\n<h4>Ebrel<\/h4>\n<p>Da Sul ar C&rsquo;hazimodo<br \/>\n &lsquo;Vez torret ar c&rsquo;hozh podo\u00f9<\/p>\n<p>Da Sul ar C&rsquo;hazimodo<br \/>\n &lsquo;Vez roet o fasko\u00f9 d&rsquo;an diodo\u00f9<\/p>\n<p>Kazimodo : kazi manet<br \/>\n Rev da Wener ar Groaz : rev betek Gouel Yann<\/p>\n<p>An eizh hag an nav (Ebrel)<br \/>\n Eo hada\u00f1 piz ha fav<br \/>\n An nav hag an dek<br \/>\n Piz ha fav betek ar beg<\/p>\n<p>Sant Jord <sup>3<\/sup> diwar e dorchenn<br \/>\n A lak ar c&rsquo;hozh saout da vreskenn<\/p>\n<p>Da Ouel Sant-Jord<\/p>\n<p>E kousk ar mevel war e dort<br \/>\n Etre Jord ha Mark &lsquo;Ya an heiz d&rsquo;ar park<\/p>\n<p>Da Ouel Sant-Mark <sup>4<\/sup><br \/>\n E kousk pep hini en e bark<br \/>\n Hag an hini n&rsquo;eus park ebet a gousk en hent !<\/p>\n<p>Ar ran a gan e miz Ebrel<br \/>\n &lsquo;Vefe gwelloc&rsquo;h dezha\u00f1 tevel<\/p>\n<p>&nbsp;<\/p>\n<h4>Mae<\/h4>\n<p>E miz Ebrel e kousk an ozhac&rsquo;h hag e vevel<br \/>\n Da viz Mae &lsquo;l\u00e2r ar wreg d&rsquo;ar vatezh :<br \/>\n \u00ab Deomp ivez ! \u00bb<\/p>\n<p>Da viz Mae lamm &lsquo;ra &lsquo;segal<br \/>\n Dreist ar c&rsquo;hae<\/p>\n<p>Miz Mae re glav bemdeiz<br \/>\n Re nebeut bep eil deiz<\/p>\n<p>Kizhier bihan miz Mae<br \/>\n A zebr ar re all an\u00ea<\/p>\n<p>&nbsp;<\/p>\n<h4>Mezheven<\/h4>\n<p>Pa vez gwelet un aval da Ouel Yann<br \/>\n Da Ouel Mikael &lsquo;vez gwelet kant<\/p>\n<p>&nbsp;<\/p>\n<h4>Eost<\/h4>\n<p>Pa erru an Eost<br \/>\n E ya an avel da vestr<\/p>\n<p>Sant Laora\u00f1s <sup>5<\/sup> a suilh ar c&rsquo;herc&rsquo;h<br \/>\n A darev an heiz<br \/>\n Hag a dishilh ar gwinizh<\/p>\n<p>Sant Laora\u00f1s an dira\u00f1ser kerc&rsquo;h<br \/>\n Pa na vez ket a-raok a vez war-lerc&rsquo;h<br \/>\n Pa vez avel e vez gwentet<br \/>\n Ha pa vez Heol e vez krazet <sup>6<\/sup><\/p>\n<p>&nbsp;<\/p>\n<h4>Gwengolo<\/h4>\n<p>Da Ouel Mazhev <sup>7<\/sup><br \/>\n Ar frouez holl a zo darev<\/p>\n<p>Da foar Vazhev Bre <sup>8<\/sup><br \/>\n Keit an noz hag an deiz<\/p>\n<p>Da Ouel Mikael <sup>9<\/sup> da c&rsquo;houlou-deiz<br \/>\n Ema\u00f1 an Tri Roue er C&rsquo;hreisteiz<\/p>\n<p>Gouel Mikael hag an Ankou<br \/>\n A laka kalz a che\u00f1chamanto\u00f9<\/p>\n<p>&nbsp;<\/p>\n<h4>Here<\/h4>\n<p>Pa ya miz Here en e hent<br \/>\n Antronoz : gouel an Hollsent<\/p>\n<p>&nbsp;<\/p>\n<h4>Du<\/h4>\n<p>Sant Tual ha sant Andrev <sup>10<\/sup><br \/>\n Arat bas ha hada\u00f1 tev<br \/>\n Ha diwall eus al loened bev<\/p>\n<p>&nbsp;<\/p>\n<h4>Kerzu<\/h4>\n<p>Dre forzh kana\u00f1 Nouel<br \/>\n Ec&rsquo;h erru an Nedeleg<\/p>\n<p>Kuruno\u00f9 an azvent,<br \/>\n Goa\u00f1v brein.<\/p>\n<p>Erc&rsquo;h kent Nedeleg,<br \/>\n Teil er segaleg.<\/p>\n<p>Erc&rsquo;h da Nedeleg,<br \/>\n Gwerzh da gazeg ha pren ed.<\/p>\n<p>Gwell eo ur gelienenn d&rsquo;an Nedeleg<br \/>\n Eget n&rsquo;eo ur c&rsquo;hefeleg<\/p>\n<p>Da noz an Nedeleg<br \/>\n Ne gousk den<br \/>\n Nemet an touseg<br \/>\n Ha mab an den<\/p>\n<p>D&rsquo;an Nedeleg<br \/>\n Ec&rsquo;h astenn an deiz paz ur c&rsquo;hefeleg<br \/>\n D&rsquo;an deiz kenta\u00f1 bloaz,<br \/>\n Paz ur waz<\/p>\n<p>Adalek an Nedeleg<br \/>\n Betek ma vez biso\u00f9 en haleg<br \/>\n E vez goa\u00f1v kalet<\/p>\n<p>An Nedeleg ha gouel Yann<br \/>\n &lsquo;Laka ar bloaz etre daou rann<\/p>\n","protected":false},"excerpt":{"rendered":"<p>Mizio\u00f9 ar bloaz Miz Du ha miz Kerzu eo an daou viz dour Miz Genver ha miz C&rsquo;hwevrer etre daou zo&nbsp;sec&rsquo;hour Miz [&hellip;]<\/p>\n","protected":false},"author":1,"featured_media":0,"parent":0,"menu_order":0,"comment_status":"closed","ping_status":"closed","template":"","meta":{"_acf_changed":false,"ngg_post_thumbnail":0,"footnotes":""},"class_list":["post-2522","page","type-page","status-publish","hentry"],"acf":[],"yoast_head":"<!-- This site is optimized with the Yoast SEO plugin v27.5 - https:\/\/yoast.com\/product\/yoast-seo-wordpress\/ -->\n<title>Krennlavario\u00f9 hag evezhiadenno\u00f9 - An natur - Anjela Duval<\/title>\n<meta name=\"robots\" content=\"index, follow, max-snippet:-1, max-image-preview:large, max-video-preview:-1\" \/>\n<link rel=\"canonical\" href=\"https:\/\/www.anjela.org\/oberenn\/bz\/krennlavariou-hag-evezhiadennou-an-natur\/\" \/>\n<meta property=\"og:locale\" content=\"fr_FR\" \/>\n<meta property=\"og:type\" content=\"article\" \/>\n<meta property=\"og:title\" content=\"Krennlavario\u00f9 hag evezhiadenno\u00f9 - An natur - Anjela Duval\" \/>\n<meta property=\"og:description\" content=\"Mizio\u00f9 ar bloaz Miz Du ha miz Kerzu eo an daou viz dour Miz Genver ha miz C&rsquo;hwevrer etre daou zo&nbsp;sec&rsquo;hour Miz [&hellip;]\" \/>\n<meta property=\"og:url\" content=\"https:\/\/www.anjela.org\/oberenn\/bz\/krennlavariou-hag-evezhiadennou-an-natur\/\" \/>\n<meta property=\"og:site_name\" content=\"Anjela Duval\" \/>\n<meta property=\"article:modified_time\" content=\"2025-08-13T13:23:25+00:00\" \/>\n<meta name=\"twitter:card\" content=\"summary_large_image\" \/>\n<meta name=\"twitter:label1\" content=\"Dur\u00e9e de lecture estim\u00e9e\" \/>\n\t<meta name=\"twitter:data1\" content=\"4 minutes\" \/>\n<script type=\"application\/ld+json\" class=\"yoast-schema-graph\">{\"@context\":\"https:\\\/\\\/schema.org\",\"@graph\":[{\"@type\":\"WebPage\",\"@id\":\"https:\\\/\\\/www.anjela.org\\\/oberenn\\\/bz\\\/krennlavariou-hag-evezhiadennou-an-natur\\\/\",\"url\":\"https:\\\/\\\/www.anjela.org\\\/oberenn\\\/bz\\\/krennlavariou-hag-evezhiadennou-an-natur\\\/\",\"name\":\"Krennlavario\u00f9 hag evezhiadenno\u00f9 - An natur - Anjela Duval\",\"isPartOf\":{\"@id\":\"https:\\\/\\\/www.anjela.org\\\/oberenn\\\/#website\"},\"datePublished\":\"2017-10-15T22:38:35+00:00\",\"dateModified\":\"2025-08-13T13:23:25+00:00\",\"breadcrumb\":{\"@id\":\"https:\\\/\\\/www.anjela.org\\\/oberenn\\\/bz\\\/krennlavariou-hag-evezhiadennou-an-natur\\\/#breadcrumb\"},\"inLanguage\":\"fr-FR\",\"potentialAction\":[{\"@type\":\"ReadAction\",\"target\":[\"https:\\\/\\\/www.anjela.org\\\/oberenn\\\/bz\\\/krennlavariou-hag-evezhiadennou-an-natur\\\/\"]}]},{\"@type\":\"BreadcrumbList\",\"@id\":\"https:\\\/\\\/www.anjela.org\\\/oberenn\\\/bz\\\/krennlavariou-hag-evezhiadennou-an-natur\\\/#breadcrumb\",\"itemListElement\":[{\"@type\":\"ListItem\",\"position\":1,\"name\":\"Accueil\",\"item\":\"https:\\\/\\\/www.anjela.org\\\/oberenn\\\/\"},{\"@type\":\"ListItem\",\"position\":2,\"name\":\"Krennlavario\u00f9 hag evezhiadenno\u00f9 &#8211; An natur\"}]},{\"@type\":\"WebSite\",\"@id\":\"https:\\\/\\\/www.anjela.org\\\/oberenn\\\/#website\",\"url\":\"https:\\\/\\\/www.anjela.org\\\/oberenn\\\/\",\"name\":\"Anjela Duval\",\"description\":\"\",\"publisher\":{\"@id\":\"https:\\\/\\\/www.anjela.org\\\/oberenn\\\/#organization\"},\"potentialAction\":[{\"@type\":\"SearchAction\",\"target\":{\"@type\":\"EntryPoint\",\"urlTemplate\":\"https:\\\/\\\/www.anjela.org\\\/oberenn\\\/?s={search_term_string}\"},\"query-input\":{\"@type\":\"PropertyValueSpecification\",\"valueRequired\":true,\"valueName\":\"search_term_string\"}}],\"inLanguage\":\"fr-FR\"},{\"@type\":\"Organization\",\"@id\":\"https:\\\/\\\/www.anjela.org\\\/oberenn\\\/#organization\",\"name\":\"Mignoned Anjela\",\"url\":\"https:\\\/\\\/www.anjela.org\\\/oberenn\\\/\",\"logo\":{\"@type\":\"ImageObject\",\"inLanguage\":\"fr-FR\",\"@id\":\"https:\\\/\\\/www.anjela.org\\\/oberenn\\\/#\\\/schema\\\/logo\\\/image\\\/\",\"url\":\"https:\\\/\\\/www.anjela.org\\\/oberenn\\\/wp-content\\\/uploads\\\/2019\\\/11\\\/logo-mignoned-angela.png\",\"contentUrl\":\"https:\\\/\\\/www.anjela.org\\\/oberenn\\\/wp-content\\\/uploads\\\/2019\\\/11\\\/logo-mignoned-angela.png\",\"width\":248,\"height\":147,\"caption\":\"Mignoned Anjela\"},\"image\":{\"@id\":\"https:\\\/\\\/www.anjela.org\\\/oberenn\\\/#\\\/schema\\\/logo\\\/image\\\/\"}}]}<\/script>\n<!-- \/ Yoast SEO plugin. -->","yoast_head_json":{"title":"Krennlavario\u00f9 hag evezhiadenno\u00f9 - An natur - Anjela Duval","robots":{"index":"index","follow":"follow","max-snippet":"max-snippet:-1","max-image-preview":"max-image-preview:large","max-video-preview":"max-video-preview:-1"},"canonical":"https:\/\/www.anjela.org\/oberenn\/bz\/krennlavariou-hag-evezhiadennou-an-natur\/","og_locale":"fr_FR","og_type":"article","og_title":"Krennlavario\u00f9 hag evezhiadenno\u00f9 - An natur - Anjela Duval","og_description":"Mizio\u00f9 ar bloaz Miz Du ha miz Kerzu eo an daou viz dour Miz Genver ha miz C&rsquo;hwevrer etre daou zo&nbsp;sec&rsquo;hour Miz [&hellip;]","og_url":"https:\/\/www.anjela.org\/oberenn\/bz\/krennlavariou-hag-evezhiadennou-an-natur\/","og_site_name":"Anjela Duval","article_modified_time":"2025-08-13T13:23:25+00:00","twitter_card":"summary_large_image","twitter_misc":{"Dur\u00e9e de lecture estim\u00e9e":"4 minutes"},"schema":{"@context":"https:\/\/schema.org","@graph":[{"@type":"WebPage","@id":"https:\/\/www.anjela.org\/oberenn\/bz\/krennlavariou-hag-evezhiadennou-an-natur\/","url":"https:\/\/www.anjela.org\/oberenn\/bz\/krennlavariou-hag-evezhiadennou-an-natur\/","name":"Krennlavario\u00f9 hag evezhiadenno\u00f9 - An natur - Anjela Duval","isPartOf":{"@id":"https:\/\/www.anjela.org\/oberenn\/#website"},"datePublished":"2017-10-15T22:38:35+00:00","dateModified":"2025-08-13T13:23:25+00:00","breadcrumb":{"@id":"https:\/\/www.anjela.org\/oberenn\/bz\/krennlavariou-hag-evezhiadennou-an-natur\/#breadcrumb"},"inLanguage":"fr-FR","potentialAction":[{"@type":"ReadAction","target":["https:\/\/www.anjela.org\/oberenn\/bz\/krennlavariou-hag-evezhiadennou-an-natur\/"]}]},{"@type":"BreadcrumbList","@id":"https:\/\/www.anjela.org\/oberenn\/bz\/krennlavariou-hag-evezhiadennou-an-natur\/#breadcrumb","itemListElement":[{"@type":"ListItem","position":1,"name":"Accueil","item":"https:\/\/www.anjela.org\/oberenn\/"},{"@type":"ListItem","position":2,"name":"Krennlavario\u00f9 hag evezhiadenno\u00f9 &#8211; An natur"}]},{"@type":"WebSite","@id":"https:\/\/www.anjela.org\/oberenn\/#website","url":"https:\/\/www.anjela.org\/oberenn\/","name":"Anjela Duval","description":"","publisher":{"@id":"https:\/\/www.anjela.org\/oberenn\/#organization"},"potentialAction":[{"@type":"SearchAction","target":{"@type":"EntryPoint","urlTemplate":"https:\/\/www.anjela.org\/oberenn\/?s={search_term_string}"},"query-input":{"@type":"PropertyValueSpecification","valueRequired":true,"valueName":"search_term_string"}}],"inLanguage":"fr-FR"},{"@type":"Organization","@id":"https:\/\/www.anjela.org\/oberenn\/#organization","name":"Mignoned Anjela","url":"https:\/\/www.anjela.org\/oberenn\/","logo":{"@type":"ImageObject","inLanguage":"fr-FR","@id":"https:\/\/www.anjela.org\/oberenn\/#\/schema\/logo\/image\/","url":"https:\/\/www.anjela.org\/oberenn\/wp-content\/uploads\/2019\/11\/logo-mignoned-angela.png","contentUrl":"https:\/\/www.anjela.org\/oberenn\/wp-content\/uploads\/2019\/11\/logo-mignoned-angela.png","width":248,"height":147,"caption":"Mignoned Anjela"},"image":{"@id":"https:\/\/www.anjela.org\/oberenn\/#\/schema\/logo\/image\/"}}]}},"_links":{"self":[{"href":"https:\/\/www.anjela.org\/oberenn\/wp-json\/wp\/v2\/pages\/2522","targetHints":{"allow":["GET"]}}],"collection":[{"href":"https:\/\/www.anjela.org\/oberenn\/wp-json\/wp\/v2\/pages"}],"about":[{"href":"https:\/\/www.anjela.org\/oberenn\/wp-json\/wp\/v2\/types\/page"}],"author":[{"embeddable":true,"href":"https:\/\/www.anjela.org\/oberenn\/wp-json\/wp\/v2\/users\/1"}],"replies":[{"embeddable":true,"href":"https:\/\/www.anjela.org\/oberenn\/wp-json\/wp\/v2\/comments?post=2522"}],"version-history":[{"count":0,"href":"https:\/\/www.anjela.org\/oberenn\/wp-json\/wp\/v2\/pages\/2522\/revisions"}],"wp:attachment":[{"href":"https:\/\/www.anjela.org\/oberenn\/wp-json\/wp\/v2\/media?parent=2522"}],"curies":[{"name":"wp","href":"https:\/\/api.w.org\/{rel}","templated":true}]}}