{"id":1793,"date":"2017-09-21T23:08:51","date_gmt":"2017-09-21T21:08:51","guid":{"rendered":"http:\/\/www.anjela.org\/oberenn\/?page_id=1793"},"modified":"2018-06-22T22:59:04","modified_gmt":"2018-06-22T20:59:04","slug":"articles-en-francais","status":"publish","type":"page","link":"https:\/\/www.anjela.org\/oberenn\/articles-en-francais\/","title":{"rendered":"Articles en fran\u00e7ais"},"content":{"rendered":"<p><span style=\"font-size: 18pt;\"><a href=\"http:\/\/www.anjela.org\/oberenn\/anjela-duval-aujourdhui\/\">Anjela Duval aujourd&rsquo;hui<br \/>\n Ronan Le Coadic<\/a><\/span><br \/>\n <img decoding=\"async\" class=\"wp-image-4497 alignleft\" src=\"http:\/\/www.anjela.org\/oberenn\/wp-content\/uploads\/2018\/06\/ronan-koadig.jpg\" alt=\"Ronan Le Coadic\" width=\"123\" height=\"123\" srcset=\"https:\/\/www.anjela.org\/oberenn\/wp-content\/uploads\/2018\/06\/ronan-koadig.jpg 221w, https:\/\/www.anjela.org\/oberenn\/wp-content\/uploads\/2018\/06\/ronan-koadig-150x150.jpg 150w\" sizes=\"(max-width: 123px) 100vw, 123px\" \/>Si la litt\u00e9rature bretonne d&rsquo;expression fran\u00e7aise b\u00e9n\u00e9ficie de la renomm\u00e9e d&rsquo;auteurs prestigieux tels que Chateaubriand, Lamennais ou Ernest Renan, la litt\u00e9rature en langue bretonne, elle, est fort m\u00e9connue. Presque totalement inconnue hors des fronti\u00e8res p\u00e9ninsulaires parce qu&rsquo;elle a \u00e9t\u00e9 peu traduite, elle est mal connue en Bretagne m\u00eame, en raison d&rsquo;un contexte sociolinguistique particulier. La langue bretonne, en effet, a \u00e9t\u00e9 tr\u00e8s t\u00f4t d\u00e9laiss\u00e9e par les classes dirigeantes bretonnes, fascin\u00e9es par la cour de France ; le dernier souverain breton \u00e0 s&rsquo;exprimer en langue bretonne fut Alain IV Fergant, au d\u00e9but du XII<sup>e<\/sup> si\u00e8cle&#8230; (<a href=\"http:\/\/www.anjela.org\/oberenn\/anjela-duval-aujourdhui\/\">lire la suite\u2026<\/a>)<\/p>\n<p>&nbsp;<\/p>\n<p><span style=\"font-size: 18pt;\"><a href=\"http:\/\/www.anjela.org\/oberenn\/anjela-duval-une-voix-prophetique\/\">Anjela Duval, une voix proph\u00e9tique ? <br \/>\n Roger Laouenan<\/a><\/span><\/p>\n<p><img decoding=\"async\" class=\"wp-image-4890  alignleft\" src=\"http:\/\/www.anjela.org\/oberenn\/wp-content\/uploads\/2017\/09\/roger-laouenan-liv.jpg\" alt=\"\" width=\"134\" height=\"126\"><\/p>\n<p>\u00ab&nbsp;Une demi-douzaine de po\u00e8tes ne vaudront jamais un bon ouvrier agricole&nbsp;!&nbsp;\u00bb s&rsquo;\u00e9cria un jour Anjela Duval, qui savait de quoi elle parlait, puisqu&rsquo;elle cultivait la terre chaque jour avant de se mettre \u00e0 \u00e9crire, le soir. Il y a bien plus qu&rsquo;une boutade, dans ces mots de la dame de Trao\u00f1-an-Dour. Elle avait capt\u00e9 les ondes du s\u00e9isme installant un monde nouveau\u2026 (<a href=\"http:\/\/www.anjela.org\/oberenn\/anjela-duval-une-voix-prophetique\/\">lire la suite\u2026<\/a>)<\/p>\n<p><span style=\"font-size: 10pt;\"><\/span><\/p>\n<p>&nbsp;<\/p>\n<p style=\"text-align: left;\"><span style=\"font-size: 18pt;\"><a href=\"http:\/\/www.anjela.org\/oberenn\/portrait-croise-danjela-duval\/\">Portrait crois\u00e9 d&rsquo;Anjela Duval<br \/>\n Nathalie Caradec<\/a><\/span><br \/>\n <img decoding=\"async\" class=\"wp-image-4513 alignright\" src=\"http:\/\/www.anjela.org\/oberenn\/wp-content\/uploads\/2017\/09\/n.caradec.jpg\" alt=\"\" width=\"125\" height=\"127\">L&rsquo;\u0153uvre abondante d&rsquo;Anjela Duval se pr\u00eate volontiers \u00e0 une analyse de type th\u00e9matique o\u00f9 se dessinent des lignes de force : la terre et toutes ses composantes,&nbsp;la langue bretonne, la spiritualit\u00e9\u2026 Comment caract\u00e9riser ce regard en \u00e9veil sur les hommes et le monde, cette po\u00e9sie du quotidien qui rappelle \u00e0 l&rsquo;\u0153il ce que trop souvent il ne voit plus ? \u00ab Po\u00e8te est celui-l\u00e0 qui rompt pour nous l&rsquo;accoutumance \u00bb affirmait Saint-John Perse en recevant le prix Nobel. (<a href=\"http:\/\/www.anjela.org\/oberenn\/portrait-croise-danjela-duval\/\">lire la suite\u2026<\/a>)<\/p>\n<p style=\"text-align: right;\">&nbsp;<\/p>\n<p style=\"text-align: right;\">&nbsp;<\/p>\n<p style=\"text-align: right;\">&nbsp;<\/p>\n<h4 style=\"text-align: left;\">Autres publications<\/h4>\n<p style=\"text-align: left;\">Guillemin-Young, Yvette A., 1996. <a href=\"https:\/\/www.jstor.org\/stable\/i40037307\">\u00ab\u00a0Perspective quadrifide sur la po\u00e9sie f\u00e9minine bretonne\u00a0\u00bb.<\/a> <i class=\"\">Dalhousie French Studies<\/i>. 1996. Vol.&nbsp;35, pp.&nbsp;109<span class=\"\">\u2011<\/span>122. <br \/>\n Guillemin-Young, Yvette A., 1997. <a href=\"http:\/\/www.jstor.org\/stable\/399562\">\u00ab\u00a0Anjela Duval: le chant de la terre et du combat\u00a0\u00bb.<\/a> <i class=\"\">The French Review<\/i>. 1997. Vol.&nbsp;71, n\u00b0&nbsp;1, pp.&nbsp;66<span class=\"\">\u2011<\/span>73.<\/p>\n","protected":false},"excerpt":{"rendered":"<p>Anjela Duval aujourd&rsquo;hui Ronan Le Coadic Si la litt\u00e9rature bretonne d&rsquo;expression fran\u00e7aise b\u00e9n\u00e9ficie de la renomm\u00e9e d&rsquo;auteurs prestigieux tels que Chateaubriand, Lamennais [&hellip;]<\/p>\n","protected":false},"author":1,"featured_media":0,"parent":0,"menu_order":0,"comment_status":"closed","ping_status":"closed","template":"","meta":{"_acf_changed":false,"ngg_post_thumbnail":0,"footnotes":""},"class_list":["post-1793","page","type-page","status-publish","hentry"],"acf":[],"yoast_head":"<!-- This site is optimized with the Yoast SEO plugin v27.5 - https:\/\/yoast.com\/product\/yoast-seo-wordpress\/ -->\n<title>Articles en fran\u00e7ais - Anjela Duval<\/title>\n<meta name=\"robots\" content=\"index, follow, max-snippet:-1, max-image-preview:large, max-video-preview:-1\" \/>\n<link rel=\"canonical\" href=\"https:\/\/www.anjela.org\/oberenn\/articles-en-francais\/\" \/>\n<meta property=\"og:locale\" content=\"fr_FR\" \/>\n<meta property=\"og:type\" content=\"article\" \/>\n<meta property=\"og:title\" content=\"Articles en fran\u00e7ais - Anjela Duval\" \/>\n<meta property=\"og:description\" content=\"Anjela Duval aujourd&rsquo;hui Ronan Le Coadic Si la litt\u00e9rature bretonne d&rsquo;expression fran\u00e7aise b\u00e9n\u00e9ficie de la renomm\u00e9e d&rsquo;auteurs prestigieux tels que Chateaubriand, Lamennais [&hellip;]\" \/>\n<meta property=\"og:url\" content=\"https:\/\/www.anjela.org\/oberenn\/articles-en-francais\/\" \/>\n<meta property=\"og:site_name\" content=\"Anjela Duval\" \/>\n<meta property=\"article:modified_time\" content=\"2018-06-22T20:59:04+00:00\" \/>\n<meta property=\"og:image\" content=\"http:\/\/www.anjela.org\/oberenn\/wp-content\/uploads\/2018\/06\/ronan-koadig.jpg\" \/>\n<meta name=\"twitter:card\" content=\"summary_large_image\" \/>\n<meta name=\"twitter:label1\" content=\"Dur\u00e9e de lecture estim\u00e9e\" \/>\n\t<meta name=\"twitter:data1\" content=\"2 minutes\" \/>\n<script type=\"application\/ld+json\" class=\"yoast-schema-graph\">{\"@context\":\"https:\\\/\\\/schema.org\",\"@graph\":[{\"@type\":\"WebPage\",\"@id\":\"https:\\\/\\\/www.anjela.org\\\/oberenn\\\/articles-en-francais\\\/\",\"url\":\"https:\\\/\\\/www.anjela.org\\\/oberenn\\\/articles-en-francais\\\/\",\"name\":\"Articles en fran\u00e7ais - Anjela Duval\",\"isPartOf\":{\"@id\":\"https:\\\/\\\/www.anjela.org\\\/oberenn\\\/#website\"},\"primaryImageOfPage\":{\"@id\":\"https:\\\/\\\/www.anjela.org\\\/oberenn\\\/articles-en-francais\\\/#primaryimage\"},\"image\":{\"@id\":\"https:\\\/\\\/www.anjela.org\\\/oberenn\\\/articles-en-francais\\\/#primaryimage\"},\"thumbnailUrl\":\"http:\\\/\\\/www.anjela.org\\\/oberenn\\\/wp-content\\\/uploads\\\/2018\\\/06\\\/ronan-koadig.jpg\",\"datePublished\":\"2017-09-21T21:08:51+00:00\",\"dateModified\":\"2018-06-22T20:59:04+00:00\",\"breadcrumb\":{\"@id\":\"https:\\\/\\\/www.anjela.org\\\/oberenn\\\/articles-en-francais\\\/#breadcrumb\"},\"inLanguage\":\"fr-FR\",\"potentialAction\":[{\"@type\":\"ReadAction\",\"target\":[\"https:\\\/\\\/www.anjela.org\\\/oberenn\\\/articles-en-francais\\\/\"]}]},{\"@type\":\"ImageObject\",\"inLanguage\":\"fr-FR\",\"@id\":\"https:\\\/\\\/www.anjela.org\\\/oberenn\\\/articles-en-francais\\\/#primaryimage\",\"url\":\"https:\\\/\\\/www.anjela.org\\\/oberenn\\\/wp-content\\\/uploads\\\/2018\\\/06\\\/ronan-koadig.jpg\",\"contentUrl\":\"https:\\\/\\\/www.anjela.org\\\/oberenn\\\/wp-content\\\/uploads\\\/2018\\\/06\\\/ronan-koadig.jpg\",\"width\":221,\"height\":221},{\"@type\":\"BreadcrumbList\",\"@id\":\"https:\\\/\\\/www.anjela.org\\\/oberenn\\\/articles-en-francais\\\/#breadcrumb\",\"itemListElement\":[{\"@type\":\"ListItem\",\"position\":1,\"name\":\"Accueil\",\"item\":\"https:\\\/\\\/www.anjela.org\\\/oberenn\\\/\"},{\"@type\":\"ListItem\",\"position\":2,\"name\":\"Articles en fran\u00e7ais\"}]},{\"@type\":\"WebSite\",\"@id\":\"https:\\\/\\\/www.anjela.org\\\/oberenn\\\/#website\",\"url\":\"https:\\\/\\\/www.anjela.org\\\/oberenn\\\/\",\"name\":\"Anjela Duval\",\"description\":\"\",\"publisher\":{\"@id\":\"https:\\\/\\\/www.anjela.org\\\/oberenn\\\/#organization\"},\"potentialAction\":[{\"@type\":\"SearchAction\",\"target\":{\"@type\":\"EntryPoint\",\"urlTemplate\":\"https:\\\/\\\/www.anjela.org\\\/oberenn\\\/?s={search_term_string}\"},\"query-input\":{\"@type\":\"PropertyValueSpecification\",\"valueRequired\":true,\"valueName\":\"search_term_string\"}}],\"inLanguage\":\"fr-FR\"},{\"@type\":\"Organization\",\"@id\":\"https:\\\/\\\/www.anjela.org\\\/oberenn\\\/#organization\",\"name\":\"Mignoned Anjela\",\"url\":\"https:\\\/\\\/www.anjela.org\\\/oberenn\\\/\",\"logo\":{\"@type\":\"ImageObject\",\"inLanguage\":\"fr-FR\",\"@id\":\"https:\\\/\\\/www.anjela.org\\\/oberenn\\\/#\\\/schema\\\/logo\\\/image\\\/\",\"url\":\"https:\\\/\\\/www.anjela.org\\\/oberenn\\\/wp-content\\\/uploads\\\/2019\\\/11\\\/logo-mignoned-angela.png\",\"contentUrl\":\"https:\\\/\\\/www.anjela.org\\\/oberenn\\\/wp-content\\\/uploads\\\/2019\\\/11\\\/logo-mignoned-angela.png\",\"width\":248,\"height\":147,\"caption\":\"Mignoned Anjela\"},\"image\":{\"@id\":\"https:\\\/\\\/www.anjela.org\\\/oberenn\\\/#\\\/schema\\\/logo\\\/image\\\/\"}}]}<\/script>\n<!-- \/ Yoast SEO plugin. -->","yoast_head_json":{"title":"Articles en fran\u00e7ais - Anjela Duval","robots":{"index":"index","follow":"follow","max-snippet":"max-snippet:-1","max-image-preview":"max-image-preview:large","max-video-preview":"max-video-preview:-1"},"canonical":"https:\/\/www.anjela.org\/oberenn\/articles-en-francais\/","og_locale":"fr_FR","og_type":"article","og_title":"Articles en fran\u00e7ais - Anjela Duval","og_description":"Anjela Duval aujourd&rsquo;hui Ronan Le Coadic Si la litt\u00e9rature bretonne d&rsquo;expression fran\u00e7aise b\u00e9n\u00e9ficie de la renomm\u00e9e d&rsquo;auteurs prestigieux tels que Chateaubriand, Lamennais [&hellip;]","og_url":"https:\/\/www.anjela.org\/oberenn\/articles-en-francais\/","og_site_name":"Anjela Duval","article_modified_time":"2018-06-22T20:59:04+00:00","og_image":[{"url":"http:\/\/www.anjela.org\/oberenn\/wp-content\/uploads\/2018\/06\/ronan-koadig.jpg","type":"","width":"","height":""}],"twitter_card":"summary_large_image","twitter_misc":{"Dur\u00e9e de lecture estim\u00e9e":"2 minutes"},"schema":{"@context":"https:\/\/schema.org","@graph":[{"@type":"WebPage","@id":"https:\/\/www.anjela.org\/oberenn\/articles-en-francais\/","url":"https:\/\/www.anjela.org\/oberenn\/articles-en-francais\/","name":"Articles en fran\u00e7ais - Anjela Duval","isPartOf":{"@id":"https:\/\/www.anjela.org\/oberenn\/#website"},"primaryImageOfPage":{"@id":"https:\/\/www.anjela.org\/oberenn\/articles-en-francais\/#primaryimage"},"image":{"@id":"https:\/\/www.anjela.org\/oberenn\/articles-en-francais\/#primaryimage"},"thumbnailUrl":"http:\/\/www.anjela.org\/oberenn\/wp-content\/uploads\/2018\/06\/ronan-koadig.jpg","datePublished":"2017-09-21T21:08:51+00:00","dateModified":"2018-06-22T20:59:04+00:00","breadcrumb":{"@id":"https:\/\/www.anjela.org\/oberenn\/articles-en-francais\/#breadcrumb"},"inLanguage":"fr-FR","potentialAction":[{"@type":"ReadAction","target":["https:\/\/www.anjela.org\/oberenn\/articles-en-francais\/"]}]},{"@type":"ImageObject","inLanguage":"fr-FR","@id":"https:\/\/www.anjela.org\/oberenn\/articles-en-francais\/#primaryimage","url":"https:\/\/www.anjela.org\/oberenn\/wp-content\/uploads\/2018\/06\/ronan-koadig.jpg","contentUrl":"https:\/\/www.anjela.org\/oberenn\/wp-content\/uploads\/2018\/06\/ronan-koadig.jpg","width":221,"height":221},{"@type":"BreadcrumbList","@id":"https:\/\/www.anjela.org\/oberenn\/articles-en-francais\/#breadcrumb","itemListElement":[{"@type":"ListItem","position":1,"name":"Accueil","item":"https:\/\/www.anjela.org\/oberenn\/"},{"@type":"ListItem","position":2,"name":"Articles en fran\u00e7ais"}]},{"@type":"WebSite","@id":"https:\/\/www.anjela.org\/oberenn\/#website","url":"https:\/\/www.anjela.org\/oberenn\/","name":"Anjela Duval","description":"","publisher":{"@id":"https:\/\/www.anjela.org\/oberenn\/#organization"},"potentialAction":[{"@type":"SearchAction","target":{"@type":"EntryPoint","urlTemplate":"https:\/\/www.anjela.org\/oberenn\/?s={search_term_string}"},"query-input":{"@type":"PropertyValueSpecification","valueRequired":true,"valueName":"search_term_string"}}],"inLanguage":"fr-FR"},{"@type":"Organization","@id":"https:\/\/www.anjela.org\/oberenn\/#organization","name":"Mignoned Anjela","url":"https:\/\/www.anjela.org\/oberenn\/","logo":{"@type":"ImageObject","inLanguage":"fr-FR","@id":"https:\/\/www.anjela.org\/oberenn\/#\/schema\/logo\/image\/","url":"https:\/\/www.anjela.org\/oberenn\/wp-content\/uploads\/2019\/11\/logo-mignoned-angela.png","contentUrl":"https:\/\/www.anjela.org\/oberenn\/wp-content\/uploads\/2019\/11\/logo-mignoned-angela.png","width":248,"height":147,"caption":"Mignoned Anjela"},"image":{"@id":"https:\/\/www.anjela.org\/oberenn\/#\/schema\/logo\/image\/"}}]}},"_links":{"self":[{"href":"https:\/\/www.anjela.org\/oberenn\/wp-json\/wp\/v2\/pages\/1793","targetHints":{"allow":["GET"]}}],"collection":[{"href":"https:\/\/www.anjela.org\/oberenn\/wp-json\/wp\/v2\/pages"}],"about":[{"href":"https:\/\/www.anjela.org\/oberenn\/wp-json\/wp\/v2\/types\/page"}],"author":[{"embeddable":true,"href":"https:\/\/www.anjela.org\/oberenn\/wp-json\/wp\/v2\/users\/1"}],"replies":[{"embeddable":true,"href":"https:\/\/www.anjela.org\/oberenn\/wp-json\/wp\/v2\/comments?post=1793"}],"version-history":[{"count":0,"href":"https:\/\/www.anjela.org\/oberenn\/wp-json\/wp\/v2\/pages\/1793\/revisions"}],"wp:attachment":[{"href":"https:\/\/www.anjela.org\/oberenn\/wp-json\/wp\/v2\/media?parent=1793"}],"curies":[{"name":"wp","href":"https:\/\/api.w.org\/{rel}","templated":true}]}}